{"id":4612,"date":"2026-03-08T17:09:41","date_gmt":"2026-03-08T16:09:41","guid":{"rendered":"https:\/\/99cubes.de\/?page_id=4612"},"modified":"2026-03-10T11:14:19","modified_gmt":"2026-03-10T10:14:19","slug":"nuestro-compromiso-con-la-sostenibilidad","status":"publish","type":"page","link":"https:\/\/99cubes.de\/es\/unser-engagement-fuer-nachhaltigkeit\/","title":{"rendered":"Nuestro compromiso con la sostenibilidad"},"content":{"rendered":"<p>La gesti\u00f3n sostenible forma parte del ADN de nuestra empresa. Esto se debe tanto a las actitudes personales de los fundadores como a la concepci\u00f3n del modelo empresarial, que se basa esencialmente en una econom\u00eda circular.<\/p>\n\n\n\n<p>Para asegurarnos de que \u201enuestro compromiso con la sostenibilidad\u201c no s\u00f3lo suene bien, sino que tambi\u00e9n sea comprensible para los de fuera, hemos decidido hacerlo mensurable y publicar aqu\u00ed nuestros avances cada a\u00f1o.<\/p>\n\n\n\n<p class=\"has-text-align-right\">Estado: 09.03.2026<\/p>\n\n\n<div id=\"ez-toc-container\" class=\"ez-toc-v2_0_82_2 ez-toc-wrap-left counter-hierarchy ez-toc-counter ez-toc-grey ez-toc-container-direction\">\n<div class=\"ez-toc-title-container\">\n<p class=\"ez-toc-title\" style=\"cursor:inherit\">Contenido<\/p>\n<span class=\"ez-toc-title-toggle\"><\/span><\/div>\n<nav><ul class='ez-toc-list ez-toc-list-level-1' ><li class='ez-toc-page-1 ez-toc-heading-level-3'><a class=\"ez-toc-link ez-toc-heading-1\" href=\"https:\/\/99cubes.de\/es\/unser-engagement-fuer-nachhaltigkeit\/#Nachhaltigkeit_in_der_Produktion\" >Sostenibilidad de la producci\u00f3n<\/a><\/li><li class='ez-toc-page-1 ez-toc-heading-level-3'><a class=\"ez-toc-link ez-toc-heading-2\" href=\"https:\/\/99cubes.de\/es\/unser-engagement-fuer-nachhaltigkeit\/#Nachhaltigkeit_des_Geschaftsmodels\" >Sostenibilidad del modelo de negocio<\/a><\/li><li class='ez-toc-page-1 ez-toc-heading-level-3'><a class=\"ez-toc-link ez-toc-heading-3\" href=\"https:\/\/99cubes.de\/es\/unser-engagement-fuer-nachhaltigkeit\/#Jahrliche_Aktualisierung\" >Actualizaci\u00f3n anual<\/a><\/li><\/ul><\/nav><\/div>\n\n\n\n\n<h3 class=\"wp-block-heading\"><span class=\"ez-toc-section\" id=\"Nachhaltigkeit_in_der_Produktion\"><\/span>Sostenibilidad de la producci\u00f3n<span class=\"ez-toc-section-end\"><\/span><\/h3>\n\n\n\n<p>Como minorista sin capacidad de producci\u00f3n propia, solo podemos influir indirectamente en la producci\u00f3n sostenible, pero lo hacemos prestando atenci\u00f3n a la sostenibilidad y, en particular, a la protecci\u00f3n del clima a la hora de seleccionar a nuestros proveedores. A partir del 12\/2025, dos de nuestros proveedores producen ahora sus cabinas telef\u00f3nicas y de reuniones de forma clim\u00e1ticamente neutra. Como resultado, 26% de nuestro volumen de compras en el ejercicio 2025 ya procede de la producci\u00f3n neutra para el clima. <\/p>\n\n\n\n<figure class=\"wp-block-table is-style-regular\"><table class=\"has-color-4-background-color has-background has-fixed-layout\"><thead><tr><th class=\"has-text-align-left\" data-align=\"left\">Sostenibilidad en las compras:<\/th><th class=\"has-text-align-center\" data-align=\"center\">2024<\/th><th class=\"has-text-align-center\" data-align=\"center\">2025<\/th><th class=\"has-text-align-center\" data-align=\"center\">2026<\/th><\/tr><\/thead><tbody><tr><td class=\"has-text-align-left\" data-align=\"left\"><strong>producci\u00f3n neutra para el clima<\/strong><br>Proporci\u00f3n de cabinas telef\u00f3nicas y de reuniones fabricadas de forma neutra para el clima (calculada como proporci\u00f3n de nuestro volumen de compras de cubos ac\u00fasticos).<\/td><td class=\"has-text-align-center\" data-align=\"center\">4%<\/td><td class=\"has-text-align-center\" data-align=\"center\">32%<\/td><td class=\"has-text-align-center\" data-align=\"center\">Aumento previsto<\/td><\/tr><\/tbody><\/table><\/figure>\n\n\n\n<p>P.D.: En este enlace encontrar\u00e1 todas las cabinas telef\u00f3nicas y de reuniones de producci\u00f3n neutra para el clima: <a href=\"https:\/\/99cubes.de\/es\/sostenibilidad\/produccion-neutra-para-el-clima\/\">https:\/\/99cubes.de\/nachhaltigkeit\/klimaneutral-hergestellt\/<\/a><\/p>\n\n\n\n<h3 class=\"wp-block-heading\"><span class=\"ez-toc-section\" id=\"Nachhaltigkeit_des_Geschaftsmodels\"><\/span>Sostenibilidad del modelo de negocio<span class=\"ez-toc-section-end\"><\/span><\/h3>\n\n\n\n<p>Uno de los principales objetivos de nuestro modelo de negocio ha sido siempre el alquiler de nuestros productos. Esto nos permite aprovechar los recursos de forma eficiente y utilizar los productos varias veces. De este modo, se crean varios ciclos de utilizaci\u00f3n de las mismas cabinas telef\u00f3nicas y de reuniones a lo largo del tiempo, lo que contribuye significativamente a reducir el consumo de material y los residuos. <\/p>\n\n\n\n<p>Adem\u00e1s de nuestra gama de cubos ac\u00fasticos completamente nuevos, tambi\u00e9n nos centramos conscientemente en productos con historia y comercializamos activamente cubos usados. Los servicios complementarios, como las ofertas de reubicaci\u00f3n y reparaci\u00f3n, tambi\u00e9n garantizan que los productos sigan utiliz\u00e1ndose el mayor tiempo posible. <\/p>\n\n\n\n<figure class=\"wp-block-table is-style-regular\"><table class=\"has-color-4-background-color has-background has-fixed-layout\"><thead><tr><th class=\"has-text-align-left\" data-align=\"left\">Sostenibilidad en las ventas:<\/th><th class=\"has-text-align-center\" data-align=\"center\">2024<\/th><th class=\"has-text-align-center\" data-align=\"center\">2025<\/th><th class=\"has-text-align-center\" data-align=\"center\">2026<\/th><\/tr><\/thead><tbody><tr><td class=\"has-text-align-left\" data-align=\"left\"><strong>Productos usados<\/strong><br>Proporci\u00f3n de cabinas telef\u00f3nicas y de reuniones entregadas \u201econ vida anterior\u201c (n\u00famero de unidades vendidas, calculado en relaci\u00f3n con los bienes nuevos)<\/td><td class=\"has-text-align-center\" data-align=\"center\">7%<\/td><td class=\"has-text-align-center\" data-align=\"center\">12%<\/td><td class=\"has-text-align-center\" data-align=\"center\">Aumento previsto<\/td><\/tr><\/tbody><\/table><\/figure>\n\n\n\n<p>Debido a nuestro negocio de alquiler, inevitablemente tambi\u00e9n ofrecemos muchos servicios que no ser\u00edan necesariamente necesarios si s\u00f3lo vendi\u00e9ramos productos nuevos. Esto tambi\u00e9n nos diferencia de muchos de nuestros competidores. Como proveedor de servicios completos de cabinas telef\u00f3nicas, salas de reuniones y sistemas de sala en sala, ofrecemos los siguientes servicios, independientemente de que los productos se hayan adquirido en nuestra empresa o en otro lugar:<\/p>\n\n\n\n<ul class=\"wp-block-list\">\n<li><strong><a href=\"https:\/\/99cubes.de\/es\/productos\/servicio-de-mudanzas-caja-telefonica-caja-de-reunion-todos-los-fabricantes\/\" target=\"_blank\" data-type=\"product\" data-id=\"2240\" rel=\"noreferrer noopener\">Servicio de mudanzas:<\/a><\/strong> A primera vista, relacionar un servicio de reubicaci\u00f3n con la sostenibilidad parece algo descabellado. Sin embargo, en el pasado hemos ayudado a clientes existentes y nuevos a entregar su antiguo espacio de oficinas en un estado de limpieza impecable. Donde las empresas de mudanzas normales a menudo no se atreven a llegar, nuestros equipos profesionales de montaje garantizan el desmontaje y la retirada profesionales de cabinas telef\u00f3nicas, cajas de reuniones y sistemas de salas con retenci\u00f3n total del valor tras la retirada y el nuevo montaje.<\/li>\n\n\n\n<li><strong><a href=\"https:\/\/99cubes.de\/es\/productos\/mantenimiento-reparacion-y-piezas-de-recambio-para-cabinas-telefonicas-reunion-cabinas-varios-fabricantes\/\" data-type=\"product\" data-id=\"4631\">Servicio de reparaci\u00f3n:<\/a><\/strong> Nuestro modelo de negocio implica que conocemos muy bien nuestros productos y, por tanto, podemos evaluar cualquier da\u00f1o y ofrecer un servicio de reparaci\u00f3n profesional. En la actualidad, las piezas de repuesto proceden de los fabricantes o, en el caso de las piezas compradas, en algunos casos tambi\u00e9n de terceros proveedores. A medida que envejezca nuestra flota de alquiler, en el futuro tambi\u00e9n utilizaremos piezas de repuesto de los cubos ac\u00fasticos desechados, que nos servir\u00e1n de almac\u00e9n de piezas de repuesto.<\/li>\n\n\n\n<li><strong>Servicio de recompra:<\/strong> Nuestra posici\u00f3n en el mercado de la comercializaci\u00f3n de cubos ac\u00fasticos usados mediante alquiler y venta de segunda mano nos permite hacer ofertas de recompra a clientes y partes interesadas en muchos casos. Nuestro servicio de recompra se utiliza en el curso de traslados (cuando los cubos ac\u00fasticos ya no son necesarios en las nuevas instalaciones) o cuando los cubos ac\u00fasticos deben sustituirse o renovarse.<\/li>\n<\/ul>\n\n\n\n<p>Aunque nuestro servicio de recompra se incluye directamente en la m\u00e9trica de \u201eproductos usados\u201c mencionada anteriormente, a\u00fan no hemos podido identificar una m\u00e9trica para los servicios de retirada y reparaci\u00f3n que podamos utilizar para medir de forma significativa nuestros esfuerzos de sostenibilidad. Lo importante para nosotros es que ofrecemos servicios de reparaci\u00f3n y retirada. En el caso concreto del servicio de reparaci\u00f3n, naturalmente esperamos que se utilice muy poco.  <\/p>\n\n\n\n<h3 class=\"wp-block-heading\"><span class=\"ez-toc-section\" id=\"Jahrliche_Aktualisierung\"><\/span>Actualizaci\u00f3n anual<span class=\"ez-toc-section-end\"><\/span><\/h3>\n\n\n\n<p>Esta p\u00e1gina se actualizar\u00e1 una vez al a\u00f1o, en cuanto hayamos registrado y analizado las m\u00e9tricas mencionadas. Tambi\u00e9n ampliaremos gradualmente nuestra metodolog\u00eda.<\/p>\n\n\n\n<p class=\"has-small-font-size\"><strong>Fuentes de las im\u00e1genes:<\/strong> Imagen de cabecera: \u00a9 BOSSE Design Gesellschaft f\u00fcr innovative Office interiors mbH &amp; Co. KG Imagen de pie de p\u00e1gina: \u00a9 Silen O\u00dc<\/p>\n\n\n\n<div class=\"wp-block-uagb-container uagb-block-cd9d8fc7 alignfull uagb-is-root-container\"><\/div>","protected":false},"excerpt":{"rendered":"<p>Nachhaltiges Wirtschaften geh\u00f6rt zur DNA unseres Unternehmens. Dies liegt gleicherma\u00dfen an den pers\u00f6nlichen Einstellungen der Gr\u00fcnder wie an [&hellip;]<\/p>\n","protected":false},"author":1,"featured_media":4635,"parent":0,"menu_order":0,"comment_status":"closed","ping_status":"closed","template":"","meta":{"content-type":"","_uag_custom_page_level_css":"","footnotes":""},"class_list":["post-4612","page","type-page","status-publish","has-post-thumbnail","hentry"],"uagb_featured_image_src":{"full":["https:\/\/99cubes.de\/wp-content\/uploads\/2026\/03\/Nachhaltigkeit-Klimaneutral-hergestellte-Telefonboxen.jpg",1600,900,false],"thumbnail":["https:\/\/99cubes.de\/wp-content\/uploads\/2026\/03\/Nachhaltigkeit-Klimaneutral-hergestellte-Telefonboxen-200x200.jpg",200,200,true],"medium":["https:\/\/99cubes.de\/wp-content\/uploads\/2026\/03\/Nachhaltigkeit-Klimaneutral-hergestellte-Telefonboxen-450x253.jpg",450,253,true],"medium_large":["https:\/\/99cubes.de\/wp-content\/uploads\/2026\/03\/Nachhaltigkeit-Klimaneutral-hergestellte-Telefonboxen-768x432.jpg",768,432,true],"large":["https:\/\/99cubes.de\/wp-content\/uploads\/2026\/03\/Nachhaltigkeit-Klimaneutral-hergestellte-Telefonboxen-1200x675.jpg",1140,641,true],"1536x1536":["https:\/\/99cubes.de\/wp-content\/uploads\/2026\/03\/Nachhaltigkeit-Klimaneutral-hergestellte-Telefonboxen-1536x864.jpg",1536,864,true],"2048x2048":["https:\/\/99cubes.de\/wp-content\/uploads\/2026\/03\/Nachhaltigkeit-Klimaneutral-hergestellte-Telefonboxen.jpg",1600,900,false],"trp-custom-language-flag":["https:\/\/99cubes.de\/wp-content\/uploads\/2026\/03\/Nachhaltigkeit-Klimaneutral-hergestellte-Telefonboxen-18x10.jpg",18,10,true],"botiga-extra-large":["https:\/\/99cubes.de\/wp-content\/uploads\/2026\/03\/Nachhaltigkeit-Klimaneutral-hergestellte-Telefonboxen-1140x641.jpg",1140,641,true],"botiga-large":["https:\/\/99cubes.de\/wp-content\/uploads\/2026\/03\/Nachhaltigkeit-Klimaneutral-hergestellte-Telefonboxen-920x518.jpg",920,518,true],"botiga-big":["https:\/\/99cubes.de\/wp-content\/uploads\/2026\/03\/Nachhaltigkeit-Klimaneutral-hergestellte-Telefonboxen-575x323.jpg",575,323,true],"botiga-medium":["https:\/\/99cubes.de\/wp-content\/uploads\/2026\/03\/Nachhaltigkeit-Klimaneutral-hergestellte-Telefonboxen-380x214.jpg",380,214,true],"botiga-header-icons":["https:\/\/99cubes.de\/wp-content\/uploads\/2026\/03\/Nachhaltigkeit-Klimaneutral-hergestellte-Telefonboxen-50x50.jpg",50,50,true],"botiga-product-swatch-image":["https:\/\/99cubes.de\/wp-content\/uploads\/2026\/03\/Nachhaltigkeit-Klimaneutral-hergestellte-Telefonboxen-26x26.jpg",26,26,true],"woocommerce_thumbnail":["https:\/\/99cubes.de\/wp-content\/uploads\/2026\/03\/Nachhaltigkeit-Klimaneutral-hergestellte-Telefonboxen-420x420.jpg",420,420,true],"woocommerce_single":["https:\/\/99cubes.de\/wp-content\/uploads\/2026\/03\/Nachhaltigkeit-Klimaneutral-hergestellte-Telefonboxen-800x450.jpg",800,450,true],"woocommerce_gallery_thumbnail":["https:\/\/99cubes.de\/wp-content\/uploads\/2026\/03\/Nachhaltigkeit-Klimaneutral-hergestellte-Telefonboxen-100x100.jpg",100,100,true],"wpvr_mobile":["https:\/\/99cubes.de\/wp-content\/uploads\/2026\/03\/Nachhaltigkeit-Klimaneutral-hergestellte-Telefonboxen.jpg",1600,900,false]},"uagb_author_info":{"display_name":"frank","author_link":"https:\/\/99cubes.de\/es\/author\/frank\/"},"uagb_comment_info":0,"uagb_excerpt":"Nachhaltiges Wirtschaften geh\u00f6rt zur DNA unseres Unternehmens. Dies liegt gleicherma\u00dfen an den pers\u00f6nlichen Einstellungen der Gr\u00fcnder wie an [&hellip;]","_links":{"self":[{"href":"https:\/\/99cubes.de\/es\/wp-json\/wp\/v2\/pages\/4612","targetHints":{"allow":["GET"]}}],"collection":[{"href":"https:\/\/99cubes.de\/es\/wp-json\/wp\/v2\/pages"}],"about":[{"href":"https:\/\/99cubes.de\/es\/wp-json\/wp\/v2\/types\/page"}],"author":[{"embeddable":true,"href":"https:\/\/99cubes.de\/es\/wp-json\/wp\/v2\/users\/1"}],"replies":[{"embeddable":true,"href":"https:\/\/99cubes.de\/es\/wp-json\/wp\/v2\/comments?post=4612"}],"version-history":[{"count":8,"href":"https:\/\/99cubes.de\/es\/wp-json\/wp\/v2\/pages\/4612\/revisions"}],"predecessor-version":[{"id":4643,"href":"https:\/\/99cubes.de\/es\/wp-json\/wp\/v2\/pages\/4612\/revisions\/4643"}],"wp:featuredmedia":[{"embeddable":true,"href":"https:\/\/99cubes.de\/es\/wp-json\/wp\/v2\/media\/4635"}],"wp:attachment":[{"href":"https:\/\/99cubes.de\/es\/wp-json\/wp\/v2\/media?parent=4612"}],"curies":[{"name":"wp","href":"https:\/\/api.w.org\/{rel}","templated":true}]}}