{"id":3430,"date":"2025-01-19T09:20:49","date_gmt":"2025-01-19T08:20:49","guid":{"rendered":"https:\/\/99cubes.de\/?post_type=product&#038;p=3430"},"modified":"2026-03-27T15:07:14","modified_gmt":"2026-03-27T14:07:14","slug":"silen-space-1-cabina-telefonica-silen","status":"publish","type":"product","link":"https:\/\/99cubes.de\/es\/produkt\/silen-space-1-telefonbox-silen\/","title":{"rendered":"Silen Space 1 cabina telef\u00f3nica | Silen"},"content":{"rendered":"<div class=\"su-accordion su-u-trim\">\n<div class=\"su-spoiler su-spoiler-style-default su-spoiler-icon-plus\" data-scroll-offset=\"0\" data-anchor-in-url=\"no\"><div class=\"su-spoiler-title\" tabindex=\"0\" role=\"button\"><span class=\"su-spoiler-icon\"><\/span><strong>Acerca de los cubos ac\u00fasticos Silen Space<\/strong><\/div><div class=\"su-spoiler-content su-u-clearfix su-u-trim\">\n<p class=\"cvGsUA direction-ltr align-justify para-style-body\"><span class=\"OYPEnA font-feature-liga-off font-feature-clig-off font-feature-calt-off text-decoration-none text-strikethrough-none\">La serie Silen Space establece nuevos est\u00e1ndares en el campo de los cubos ac\u00fasticos premium. Como buque insignia del fabricante estonio Silen, uno de los l\u00edderes mundiales en innovaci\u00f3n de soluciones ac\u00fasticas, la l\u00ednea de productos inspira a clientes de m\u00e1s de 60 pa\u00edses. Los cubos Silen Space impresionan por su excelente aislamiento ac\u00fastico y calidad del aire interior, que ha sido galardonada con el \u201eNivel Oro\u201c.<\/span><\/p>\n<p class=\"cvGsUA direction-ltr align-justify para-style-body\"><span class=\"OYPEnA font-feature-liga-off font-feature-clig-off font-feature-calt-off text-decoration-none text-strikethrough-none\">Las diversas opciones de dise\u00f1o son especialmente impresionantes: Desde elegantes chapados de madera aut\u00e9ntica hasta cristales inteligentes que pueden oscurecerse con s\u00f3lo pulsar un bot\u00f3n, cada detalle acent\u00faa el car\u00e1cter exclusivo de esta gama. Silen apuesta por la sostenibilidad: los cubos ac\u00fasticos Space est\u00e1n dise\u00f1ados para durar. Los materiales de alta calidad y un dise\u00f1o modular bien pensado permiten reparaciones sencillas y garantizan una larga vida \u00fatil.<\/span><\/p>\n<\/div><\/div>\n<div class=\"su-spoiler su-spoiler-style-default su-spoiler-icon-plus\" data-scroll-offset=\"0\" data-anchor-in-url=\"no\"><div class=\"su-spoiler-title\" tabindex=\"0\" role=\"button\"><span class=\"su-spoiler-icon\"><\/span><strong>Configurador de productos:<\/strong><\/div><div class=\"su-spoiler-content su-u-clearfix su-u-trim\">\n<p>Encontrar\u00e1 todas las opciones y posibilidades de dise\u00f1o en nuestro configurador interactivo de productos:<\/p>\n<div class=\"wp-block-button\"><a class=\"wp-block-button__link wp-element-button\" href=\"https:\/\/configurator.silen.com\/?site=6364&amp;code=113916\" target=\"_blank\" rel=\"noopener\">Ir al configurador de productos<\/a><\/div>\n<\/div><\/div>\n<div class=\"su-spoiler su-spoiler-style-default su-spoiler-icon-plus su-spoiler-closed\" data-scroll-offset=\"0\" data-anchor-in-url=\"no\"><div class=\"su-spoiler-title\" tabindex=\"0\" role=\"button\"><span class=\"su-spoiler-icon\"><\/span><strong>Opciones de equipamiento:<\/strong><\/div><div class=\"su-spoiler-content su-u-clearfix su-u-trim\">\n<p><strong>Caracter\u00edsticas principales:<\/strong><\/p>\n<ul>\n<li>Dise\u00f1ado para la concentraci\u00f3n y la privacidad durante las llamadas en la oficina<\/li>\n<li>Para 1 persona<\/li>\n<li>C\u00f3modo con iluminaci\u00f3n LED autom\u00e1tica (4.000 K)<\/li>\n<li>Sistema de ventilaci\u00f3n autom\u00e1tica con sensor de presencia y bajo consumo energ\u00e9tico<\/li>\n<li>M\u00f3vil gracias a las ruedas ocultas en la base<\/li>\n<li>Personalizable en colores y caracter\u00edsticas<\/li>\n<li>Sostenible, con una vida \u00fatil de m\u00e1s de 20 a\u00f1os<\/li>\n<li>Vidrio de seguridad insonorizante<\/li>\n<li>Incluye toma de corriente de 230 V y puertos USB (tipo A+C) en la pared<\/li>\n<li>Elecci\u00f3n de apertura de puerta a izquierda o derecha (la mesa se monta siempre en el lado de la bisagra de la puerta)<\/li>\n<li>Marco de la puerta opcionalmente anodizado en negro, blanco o gris<\/li>\n<li>Tres colores est\u00e1ndar diferentes a elegir para la carcasa exterior: Blanco, negro o gris plata<\/li>\n<li>Dise\u00f1o interior:\n<ul>\n<li>Alfombra opcionalmente en gris claro, gris oscuro o negro<\/li>\n<li>Paredes interiores opcionalmente de fieltro gris claro, fieltro gris oscuro, fieltro negro o fieltro color arena<\/li>\n<\/ul>\n<\/li>\n<\/ul>\n<p><strong>Opciones de personalizaci\u00f3n (algunas con coste adicional):<\/strong><\/p>\n<ul>\n<li>Opciones de color adicionales para el interior y el exterior en varios materiales (incluidos paneles laterales recubiertos de tela o acabado de chapa de madera aut\u00e9ntica); v\u00e9ase la imagen inferior.<\/li>\n<li>Bisagras de cierre autom\u00e1tico<\/li>\n<li>Conexi\u00f3n LAN<\/li>\n<li>Tira de luz adicional a la altura de los ojos (para una iluminaci\u00f3n perfecta en las videollamadas)<\/li>\n<li>Panel de control con regulador de iluminaci\u00f3n y ventilaci\u00f3n<\/li>\n<li>Taburete de bar o taburete integrado fijo<\/li>\n<li>Tres opciones de mesa diferentes:\n<ul>\n<li>Mesa est\u00e1ndar con pizarra blanca<\/li>\n<li>Mesa de altura regulable el\u00e9ctricamente<\/li>\n<li>Mesa sin pizarra, pero con soporte para monitor en el panel lateral<\/li>\n<\/ul>\n<\/li>\n<li>Preparaci\u00f3n de aspersores<\/li>\n<li>L\u00e1mina permanente en el cristal (interior del panel frontal y\/o interior del panel trasero)<\/li>\n<li>Versi\u00f3n como vidrio inteligente que se transforma en vidrio esmerilado con s\u00f3lo pulsar un bot\u00f3n.<\/li>\n<\/ul>\n<figure id=\"attachment_3471\" aria-describedby=\"caption-attachment-3471\" style=\"width: 338px\" class=\"wp-caption alignnone\"><a href=\"https:\/\/99cubes.de\/wp-content\/uploads\/2025\/01\/Silen-Space-Farbauswahl-aussen-und-innen.jpg\"><img loading=\"lazy\" decoding=\"async\" class=\"wp-image-3471 size-medium\" src=\"https:\/\/99cubes.de\/wp-content\/uploads\/2025\/01\/Silen-Space-Farbauswahl-aussen-und-innen-338x450.jpg\" alt=\"\" width=\"338\" height=\"450\" srcset=\"https:\/\/99cubes.de\/wp-content\/uploads\/2025\/01\/Silen-Space-Farbauswahl-aussen-und-innen-338x450.jpg 338w, https:\/\/99cubes.de\/wp-content\/uploads\/2025\/01\/Silen-Space-Farbauswahl-aussen-und-innen-900x1200.jpg 900w, https:\/\/99cubes.de\/wp-content\/uploads\/2025\/01\/Silen-Space-Farbauswahl-aussen-und-innen-768x1024.jpg 768w, https:\/\/99cubes.de\/wp-content\/uploads\/2025\/01\/Silen-Space-Farbauswahl-aussen-und-innen-1152x1536.jpg 1152w, https:\/\/99cubes.de\/wp-content\/uploads\/2025\/01\/Silen-Space-Farbauswahl-aussen-und-innen-9x12.jpg 9w, https:\/\/99cubes.de\/wp-content\/uploads\/2025\/01\/Silen-Space-Farbauswahl-aussen-und-innen-1140x1520.jpg 1140w, https:\/\/99cubes.de\/wp-content\/uploads\/2025\/01\/Silen-Space-Farbauswahl-aussen-und-innen-920x1227.jpg 920w, https:\/\/99cubes.de\/wp-content\/uploads\/2025\/01\/Silen-Space-Farbauswahl-aussen-und-innen-575x767.jpg 575w, https:\/\/99cubes.de\/wp-content\/uploads\/2025\/01\/Silen-Space-Farbauswahl-aussen-und-innen-380x507.jpg 380w, https:\/\/99cubes.de\/wp-content\/uploads\/2025\/01\/Silen-Space-Farbauswahl-aussen-und-innen-800x1067.jpg 800w, https:\/\/99cubes.de\/wp-content\/uploads\/2025\/01\/Silen-Space-Farbauswahl-aussen-und-innen.jpg 1164w\" sizes=\"auto, (max-width: 338px) 100vw, 338px\" \/><\/a><figcaption id=\"caption-attachment-3471\" class=\"wp-caption-text\">Colores y materiales de la serie Silen-Space<\/figcaption><\/figure>\n<\/div><\/div>\n<div class=\"su-spoiler su-spoiler-style-default su-spoiler-icon-plus su-spoiler-closed\" data-scroll-offset=\"0\" data-anchor-in-url=\"no\"><div class=\"su-spoiler-title\" tabindex=\"0\" role=\"button\"><span class=\"su-spoiler-icon\"><\/span><strong>Dimensiones y peso:<\/strong><\/div><div class=\"su-spoiler-content su-u-clearfix su-u-trim\">\n<ul>\n<li>Anchura (exterior \/ interior): 1100 mm \/ 900 mm<\/li>\n<li>Profundidad (exterior \/ interior): 1100 mm \/ 1010 mm<\/li>\n<li>Altura (exterior \/ interior): 2290 mm \/ 2050 mm<\/li>\n<li>Peso: 370 kg<\/li>\n<\/ul>\n<\/div><\/div>\n<div class=\"su-spoiler su-spoiler-style-default su-spoiler-icon-plus su-spoiler-closed\" data-scroll-offset=\"0\" data-anchor-in-url=\"no\"><div class=\"su-spoiler-title\" tabindex=\"0\" role=\"button\"><span class=\"su-spoiler-icon\"><\/span><strong>Datos ac\u00fasticos y ventilaci\u00f3n:<\/strong><\/div><div class=\"su-spoiler-content su-u-clearfix su-u-trim\">\n<p><strong>Aislamiento ac\u00fastico:<\/strong> 30,1 dB (corresponde a la clase A seg\u00fan ISO 23351-1)<\/p>\n<p><strong>Intercambio de aire:\u00a0<\/strong>97 m\u00b3\/h (caudal de aire del sistema)<\/p>\n<p><strong>Caracter\u00edsticas especiales:<\/strong> Calidad del aire interior certificada: probada para emisiones de COV, es decir, vapores de compuestos org\u00e1nicos vol\u00e1tiles.<\/p>\n<\/div><\/div>\n<\/div>","protected":false},"excerpt":{"rendered":"<p>La cabina telef\u00f3nica \u201eSilen Space 1\u201c cumple las normas m\u00e1s estrictas en cuanto a aislamiento ac\u00fastico, intercambio de aire y opciones de personalizaci\u00f3n. Como cabina telef\u00f3nica premium con aislamiento ac\u00fastico certificado de clase A (ISO 23351-1), la Silen Space 1 se sit\u00faa claramente en la liga superior. Esto se consigue mediante paredes extragruesas, acristalamiento insonorizado de alta calidad y el uso de espuma ecol\u00f3gica y fieltro ac\u00fastico. Con unas dimensiones de 1,10 x 1,10 metros, el \u201eSilen Space 1\u201c es ligeramente mayor que las cabinas telef\u00f3nicas del segmento m\u00e1s econ\u00f3mico y tambi\u00e9n pesa bastante m\u00e1s.<\/p>\n<p>Como todos los cubos ac\u00fasticos de la serie Silen-Space, existen numerosas opciones de dise\u00f1o en color, incluido el chapado en madera aut\u00e9ntica. Cabe destacar la posibilidad de ampliar la cabina telef\u00f3nica con una mesa de altura regulable el\u00e9ctricamente.<\/p>\n<p><strong>Nota:<\/strong> Esta cabina telef\u00f3nica pertenece a la denominada 1\u00aa generaci\u00f3n de la serie de productos Silen-Space (<a href=\"https:\/\/99cubes.de\/es\/cubos-acusticos-silen-space\/\" target=\"_blank\" rel=\"noopener\">m\u00e1s informaci\u00f3n<\/a>). En marzo de 2026, se lanz\u00f3 al mercado la 2\u00aa generaci\u00f3n de Silen Space - <a href=\"https:\/\/99cubes.de\/es\/la-familia-de-productos-silen-space-2-generacion\/\" target=\"_blank\" rel=\"noopener\">Toda la informaci\u00f3n sobre la serie revisada de productos Silen Space (2\u00aa generaci\u00f3n)<\/a>.<\/p>","protected":false},"featured_media":3431,"comment_status":"open","ping_status":"closed","template":"","meta":{"content-type":"","_uag_custom_page_level_css":""},"product_brand":[],"product_cat":[61],"product_tag":[],"class_list":{"0":"post-3430","1":"product","2":"type-product","3":"status-publish","4":"has-post-thumbnail","6":"product_cat-telefonbox","7":"pa_anzahl-personen-1-person","8":"pa_belueftungssteuerung-individuell-steuerbar","9":"pa_belueftungssteuerung-vollautomatisch","10":"pa_breite-110-m","11":"pa_buchungstool-display-goconut-ready","12":"pa_einsatz-szenarien-buero","13":"pa_einsatz-szenarien-einzelhandel","14":"pa_einsatz-szenarien-flughafen-bahnhof","15":"pa_einsatz-szenarien-hotel","16":"pa_einsatz-szenarien-logistik","17":"pa_einsatz-szenarien-produktion","18":"pa_einsatz-szenarien-schule-universitaet","19":"pa_farbe-konfigurierbar","20":"pa_farbe-schwarz","21":"pa_farbe-weiss","22":"pa_flex-miete-verfuegbar-ja","23":"pa_gewicht-370-kg","24":"pa_hoehe-229-m","25":"pa_lan-kein-lan-anschluss","26":"pa_lan-lan-anschluss-als-sonderausstattung","27":"pa_lieferzeit-2-wochen-lieferzeit","28":"pa_luftaustausch-97-m-h-systemluftstrom","29":"pa_marke-silen","30":"pa_mobilitaet-mit-integrierten-bodenrollen","31":"pa_monitorhalterung-monitorhalterung-als-sonderausstattung","32":"pa_monitorhalterung-ohne-monitorhalterung","33":"pa_nachhaltigkeit-klimaneutral-hergestellt","34":"pa_preissegment-vier","35":"pa_schalldaemmung-vier-sterne","36":"pa_sitzen-oder-stehen-im-sitzen-hoch-mit-hocker","37":"pa_sitzen-oder-stehen-im-stehen","38":"pa_spezial-features-aussenwandfarbe-nachtraeglich-austauschbar","39":"pa_spezial-features-gs-tuev-zertifiziert","40":"pa_spezial-features-zertifizierte-innenraum-luftqualitaet","41":"pa_tiefe-110-m","42":"pa_verfuegbare-tisch-optionen-fixe-tischhoehe-stehen","43":"pa_verfuegbare-tisch-optionen-variable-tischhoehe-elektrisch-verstellbar","44":"pa_verwendung-telefonieren","45":"pa_verwendung-video-call","47":"first","48":"instock","49":"taxable","50":"shipping-taxable","51":"purchasable","52":"product-type-simple"},"uagb_featured_image_src":{"full":["https:\/\/99cubes.de\/wp-content\/uploads\/2025\/01\/Telefonbox-Silen-Space-1-99cubes-premium-telefonbox-11.jpg",1080,1350,false],"thumbnail":["https:\/\/99cubes.de\/wp-content\/uploads\/2025\/01\/Telefonbox-Silen-Space-1-99cubes-premium-telefonbox-11-200x200.jpg",200,200,true],"medium":["https:\/\/99cubes.de\/wp-content\/uploads\/2025\/01\/Telefonbox-Silen-Space-1-99cubes-premium-telefonbox-11-360x450.jpg",360,450,true],"medium_large":["https:\/\/99cubes.de\/wp-content\/uploads\/2025\/01\/Telefonbox-Silen-Space-1-99cubes-premium-telefonbox-11-768x960.jpg",768,960,true],"large":["https:\/\/99cubes.de\/wp-content\/uploads\/2025\/01\/Telefonbox-Silen-Space-1-99cubes-premium-telefonbox-11-960x1200.jpg",960,1200,true],"1536x1536":["https:\/\/99cubes.de\/wp-content\/uploads\/2025\/01\/Telefonbox-Silen-Space-1-99cubes-premium-telefonbox-11.jpg",1080,1350,false],"2048x2048":["https:\/\/99cubes.de\/wp-content\/uploads\/2025\/01\/Telefonbox-Silen-Space-1-99cubes-premium-telefonbox-11.jpg",1080,1350,false],"trp-custom-language-flag":["https:\/\/99cubes.de\/wp-content\/uploads\/2025\/01\/Telefonbox-Silen-Space-1-99cubes-premium-telefonbox-11-10x12.jpg",10,12,true],"botiga-extra-large":["https:\/\/99cubes.de\/wp-content\/uploads\/2025\/01\/Telefonbox-Silen-Space-1-99cubes-premium-telefonbox-11.jpg",1080,1350,false],"botiga-large":["https:\/\/99cubes.de\/wp-content\/uploads\/2025\/01\/Telefonbox-Silen-Space-1-99cubes-premium-telefonbox-11-920x1150.jpg",920,1150,true],"botiga-big":["https:\/\/99cubes.de\/wp-content\/uploads\/2025\/01\/Telefonbox-Silen-Space-1-99cubes-premium-telefonbox-11-575x719.jpg",575,719,true],"botiga-medium":["https:\/\/99cubes.de\/wp-content\/uploads\/2025\/01\/Telefonbox-Silen-Space-1-99cubes-premium-telefonbox-11-380x475.jpg",380,475,true],"botiga-header-icons":["https:\/\/99cubes.de\/wp-content\/uploads\/2025\/01\/Telefonbox-Silen-Space-1-99cubes-premium-telefonbox-11-50x50.jpg",50,50,true],"botiga-product-swatch-image":["https:\/\/99cubes.de\/wp-content\/uploads\/2025\/01\/Telefonbox-Silen-Space-1-99cubes-premium-telefonbox-11-26x26.jpg",26,26,true],"woocommerce_thumbnail":["https:\/\/99cubes.de\/wp-content\/uploads\/2025\/01\/Telefonbox-Silen-Space-1-99cubes-premium-telefonbox-11-420x420.jpg",420,420,true],"woocommerce_single":["https:\/\/99cubes.de\/wp-content\/uploads\/2025\/01\/Telefonbox-Silen-Space-1-99cubes-premium-telefonbox-11-800x1000.jpg",800,1000,true],"woocommerce_gallery_thumbnail":["https:\/\/99cubes.de\/wp-content\/uploads\/2025\/01\/Telefonbox-Silen-Space-1-99cubes-premium-telefonbox-11-100x100.jpg",100,100,true],"wpvr_mobile":["https:\/\/99cubes.de\/wp-content\/uploads\/2025\/01\/Telefonbox-Silen-Space-1-99cubes-premium-telefonbox-11.jpg",1080,1350,false]},"uagb_author_info":{"display_name":"frank","author_link":"https:\/\/99cubes.de\/es\/author\/"},"uagb_comment_info":0,"uagb_excerpt":"Die Telefonbox \"Silen Space 1\" gen\u00fcgt h\u00f6chsten Anspr\u00fcchen, was Schalld\u00e4mmung, Luftaustausch und Individualisierungsm\u00f6glichkeiten angeht. Als Premium-Telefonbox mit der zertifizierten Schallschutzklasse A (ISO 23351-1) geh\u00f6rt die Silen Space 1 nachweislich zur Oberliga. Dies wird durch extra-dicke W\u00e4nde, hochwertige Schallschutz-Verglasung und die Verwendung von \u00f6kologischem Schaumstoff und Akustikfilz erreicht. Mit 1,10 x 1,10 Metern Grundfl\u00e4che ist die&hellip;","_links":{"self":[{"href":"https:\/\/99cubes.de\/es\/wp-json\/wp\/v2\/product\/3430","targetHints":{"allow":["GET"]}}],"collection":[{"href":"https:\/\/99cubes.de\/es\/wp-json\/wp\/v2\/product"}],"about":[{"href":"https:\/\/99cubes.de\/es\/wp-json\/wp\/v2\/types\/product"}],"replies":[{"embeddable":true,"href":"https:\/\/99cubes.de\/es\/wp-json\/wp\/v2\/comments?post=3430"}],"wp:featuredmedia":[{"embeddable":true,"href":"https:\/\/99cubes.de\/es\/wp-json\/wp\/v2\/media\/3431"}],"wp:attachment":[{"href":"https:\/\/99cubes.de\/es\/wp-json\/wp\/v2\/media?parent=3430"}],"wp:term":[{"taxonomy":"product_brand","embeddable":true,"href":"https:\/\/99cubes.de\/es\/wp-json\/wp\/v2\/product_brand?post=3430"},{"taxonomy":"product_cat","embeddable":true,"href":"https:\/\/99cubes.de\/es\/wp-json\/wp\/v2\/product_cat?post=3430"},{"taxonomy":"product_tag","embeddable":true,"href":"https:\/\/99cubes.de\/es\/wp-json\/wp\/v2\/product_tag?post=3430"}],"curies":[{"name":"wp","href":"https:\/\/api.w.org\/{rel}","templated":true}]}}