{"id":3545,"date":"2025-01-26T18:02:17","date_gmt":"2025-01-26T17:02:17","guid":{"rendered":"https:\/\/99cubes.de\/?post_type=product&#038;p=3545"},"modified":"2026-03-27T15:08:15","modified_gmt":"2026-03-27T14:08:15","slug":"silen-space-4-meetingbox-silen","status":"publish","type":"product","link":"https:\/\/99cubes.de\/es\/produkt\/silen-space-4-meetingbox-silen\/","title":{"rendered":"Silen Space 4 Meetingbox | Silen"},"content":{"rendered":"<div class=\"su-accordion su-u-trim\">\n<div class=\"su-spoiler su-spoiler-style-default su-spoiler-icon-plus\" data-scroll-offset=\"0\" data-anchor-in-url=\"no\"><div class=\"su-spoiler-title\" tabindex=\"0\" role=\"button\"><span class=\"su-spoiler-icon\"><\/span><strong>Acerca de los cubos ac\u00fasticos Silen Space<\/strong><\/div><div class=\"su-spoiler-content su-u-clearfix su-u-trim\">\n<p class=\"cvGsUA direction-ltr align-justify para-style-body\"><span class=\"OYPEnA font-feature-liga-off font-feature-clig-off font-feature-calt-off text-decoration-none text-strikethrough-none\">La serie Silen Space establece nuevos est\u00e1ndares en el campo de los cubos ac\u00fasticos premium. Como buque insignia del fabricante estonio Silen, uno de los l\u00edderes mundiales en innovaci\u00f3n de soluciones ac\u00fasticas, la l\u00ednea de productos inspira a clientes de m\u00e1s de 60 pa\u00edses. Los cubos Silen Space impresionan por su excelente aislamiento ac\u00fastico y calidad del aire interior, que ha sido galardonada con el \u201eNivel Oro\u201c.<\/span><\/p>\n<p class=\"cvGsUA direction-ltr align-justify para-style-body\"><span class=\"OYPEnA font-feature-liga-off font-feature-clig-off font-feature-calt-off text-decoration-none text-strikethrough-none\">Las diversas opciones de dise\u00f1o son especialmente impresionantes: Desde elegantes chapados de madera aut\u00e9ntica hasta cristales inteligentes que pueden oscurecerse con s\u00f3lo pulsar un bot\u00f3n, cada detalle acent\u00faa el car\u00e1cter exclusivo de esta gama. Silen apuesta por la sostenibilidad: los cubos ac\u00fasticos Space est\u00e1n dise\u00f1ados para durar. Los materiales de alta calidad y un dise\u00f1o modular bien pensado permiten reparaciones sencillas y garantizan una larga vida \u00fatil.<\/span><\/p>\n<\/div><\/div>\n<div class=\"su-spoiler su-spoiler-style-default su-spoiler-icon-plus\" data-scroll-offset=\"0\" data-anchor-in-url=\"no\"><div class=\"su-spoiler-title\" tabindex=\"0\" role=\"button\"><span class=\"su-spoiler-icon\"><\/span><strong>Configurador de productos:<\/strong><\/div><div class=\"su-spoiler-content su-u-clearfix su-u-trim\">\n<p>Encontrar\u00e1 todas las opciones y posibilidades de dise\u00f1o en nuestro configurador interactivo de productos:<\/p>\n<div class=\"wp-block-button\"><a class=\"wp-block-button__link wp-element-button\" href=\"https:\/\/configurator.silen.com\/?site=6364&amp;&amp;code=113921\" target=\"_blank\" rel=\"noopener\">Ir al configurador de productos<\/a><\/div>\n<\/div><\/div>\n<div class=\"su-spoiler su-spoiler-style-default su-spoiler-icon-plus su-spoiler-closed\" data-scroll-offset=\"0\" data-anchor-in-url=\"no\"><div class=\"su-spoiler-title\" tabindex=\"0\" role=\"button\"><span class=\"su-spoiler-icon\"><\/span><strong>Opciones de equipamiento:<\/strong><\/div><div class=\"su-spoiler-content su-u-clearfix su-u-trim\">\n<p><strong>Caracter\u00edsticas principales:<\/strong><\/p>\n<ul>\n<li><span class=\"animate-in fade-in-25 duration-700\">Comf<\/span><span class=\"animate-in fade-in-25 duration-700\">ortable para 6 pers<\/span><span class=\"animate-in fade-in-25 duration-700\">ons, adecuados para<\/span><span class=\"animate-in fade-in-25 duration-700\"> hasta 8 pers<\/span><span class=\"animate-in fade-in-25 duration-700\">para reuniones m\u00e1s cortas<\/span><span class=\"animate-in fade-in-25 duration-700\">de la UE.<\/span><\/li>\n<li>Con iluminaci\u00f3n LED autom\u00e1tica (4.000 K)<\/li>\n<li>Sistema de ventilaci\u00f3n autom\u00e1tica con sensor de presencia y bajo consumo energ\u00e9tico<\/li>\n<li>M\u00f3vil gracias a las ruedas ocultas en la base<\/li>\n<li>Personalizable en colores y caracter\u00edsticas<\/li>\n<li>Sostenible, con una vida \u00fatil de m\u00e1s de 20 a\u00f1os<\/li>\n<li>Vidrio de seguridad insonorizante<\/li>\n<li>Incluye 4 tomas de 230 V en el suelo<\/li>\n<li>Elecci\u00f3n de apertura de puerta a izquierda o derecha (la mesa se monta siempre en el lado de la bisagra de la puerta)<\/li>\n<li>Marco de la puerta opcionalmente anodizado en negro, blanco o gris<\/li>\n<li>Tres colores est\u00e1ndar diferentes a elegir para la carcasa exterior: Blanco, negro o gris plata<\/li>\n<li>Dise\u00f1o interior:\n<ul>\n<li>Alfombra opcionalmente en gris claro, gris oscuro o negro<\/li>\n<li>Paredes interiores opcionalmente de fieltro gris claro, fieltro gris oscuro, fieltro negro o fieltro color arena<\/li>\n<\/ul>\n<\/li>\n<\/ul>\n<p><strong>Opciones de personalizaci\u00f3n (algunas con coste adicional):<\/strong><\/p>\n<ul>\n<li>Opciones de color adicionales para el interior y el exterior en varios materiales (incluidos paneles laterales recubiertos de tela o acabado de chapa de madera aut\u00e9ntica); v\u00e9ase la imagen inferior.<\/li>\n<li>Bisagras de cierre autom\u00e1tico<\/li>\n<li>Conexi\u00f3n LAN o tomas de carga USB(A+C) en la base<\/li>\n<li>Panel de control con regulador de iluminaci\u00f3n y ventilaci\u00f3n<\/li>\n<li>Opciones de mobiliario (selecci\u00f3n de tejidos an\u00e1loga a la selecci\u00f3n para las paredes laterales):\n<ul>\n<li>Vac\u00edo<\/li>\n<li>\u201eEclipse Solar\u201c: dos sof\u00e1s con respaldos altos + cuatro mesas flexibles \u201eGaia\u201c para port\u00e1tiles\u201c<\/li>\n<li>\u201eEclipse Lunar\u201c: dos sof\u00e1s con respaldos bajos + mesa fija<\/li>\n<\/ul>\n<\/li>\n<li>Soporte opcional para monitor en la pared de cristal trasera<\/li>\n<li>Preparaci\u00f3n de aspersores<\/li>\n<li>L\u00e1mina permanente en el cristal (interior del panel frontal y\/o interior del panel trasero)<\/li>\n<li>Versi\u00f3n como vidrio inteligente que se transforma en vidrio esmerilado con s\u00f3lo pulsar un bot\u00f3n.<\/li>\n<\/ul>\n<figure id=\"attachment_3471\" aria-describedby=\"caption-attachment-3471\" style=\"width: 338px\" class=\"wp-caption alignnone\"><a href=\"https:\/\/99cubes.de\/wp-content\/uploads\/2025\/01\/Silen-Space-Farbauswahl-aussen-und-innen.jpg\"><img loading=\"lazy\" decoding=\"async\" class=\"wp-image-3471 size-medium\" src=\"https:\/\/99cubes.de\/wp-content\/uploads\/2025\/01\/Silen-Space-Farbauswahl-aussen-und-innen-338x450.jpg\" alt=\"\" width=\"338\" height=\"450\" srcset=\"https:\/\/99cubes.de\/wp-content\/uploads\/2025\/01\/Silen-Space-Farbauswahl-aussen-und-innen-338x450.jpg 338w, https:\/\/99cubes.de\/wp-content\/uploads\/2025\/01\/Silen-Space-Farbauswahl-aussen-und-innen-900x1200.jpg 900w, https:\/\/99cubes.de\/wp-content\/uploads\/2025\/01\/Silen-Space-Farbauswahl-aussen-und-innen-768x1024.jpg 768w, https:\/\/99cubes.de\/wp-content\/uploads\/2025\/01\/Silen-Space-Farbauswahl-aussen-und-innen-1152x1536.jpg 1152w, https:\/\/99cubes.de\/wp-content\/uploads\/2025\/01\/Silen-Space-Farbauswahl-aussen-und-innen-9x12.jpg 9w, https:\/\/99cubes.de\/wp-content\/uploads\/2025\/01\/Silen-Space-Farbauswahl-aussen-und-innen-1140x1520.jpg 1140w, https:\/\/99cubes.de\/wp-content\/uploads\/2025\/01\/Silen-Space-Farbauswahl-aussen-und-innen-920x1227.jpg 920w, https:\/\/99cubes.de\/wp-content\/uploads\/2025\/01\/Silen-Space-Farbauswahl-aussen-und-innen-575x767.jpg 575w, https:\/\/99cubes.de\/wp-content\/uploads\/2025\/01\/Silen-Space-Farbauswahl-aussen-und-innen-380x507.jpg 380w, https:\/\/99cubes.de\/wp-content\/uploads\/2025\/01\/Silen-Space-Farbauswahl-aussen-und-innen-800x1067.jpg 800w, https:\/\/99cubes.de\/wp-content\/uploads\/2025\/01\/Silen-Space-Farbauswahl-aussen-und-innen.jpg 1164w\" sizes=\"auto, (max-width: 338px) 100vw, 338px\" \/><\/a><figcaption id=\"caption-attachment-3471\" class=\"wp-caption-text\">Colores y materiales de la serie Silen-Space<\/figcaption><\/figure>\n<\/div><\/div>\n<div class=\"su-spoiler su-spoiler-style-default su-spoiler-icon-plus su-spoiler-closed\" data-scroll-offset=\"0\" data-anchor-in-url=\"no\"><div class=\"su-spoiler-title\" tabindex=\"0\" role=\"button\"><span class=\"su-spoiler-icon\"><\/span><strong>Dimensiones y peso:<\/strong><\/div><div class=\"su-spoiler-content su-u-clearfix su-u-trim\">\n<ul>\n<li>Anchura (exterior \/ interior): 2400 mm \/ 2200 mm<\/li>\n<li>Profundidad (exterior \/ interior): 2420 mm \/ 2360 mm<\/li>\n<li>Altura (exterior \/ interior): 2290 mm \/ 2050 mm<\/li>\n<li>Peso: 1200 kg<\/li>\n<\/ul>\n<\/div><\/div>\n<div class=\"su-spoiler su-spoiler-style-default su-spoiler-icon-plus su-spoiler-closed\" data-scroll-offset=\"0\" data-anchor-in-url=\"no\"><div class=\"su-spoiler-title\" tabindex=\"0\" role=\"button\"><span class=\"su-spoiler-icon\"><\/span><strong>Datos ac\u00fasticos y ventilaci\u00f3n:<\/strong><\/div><div class=\"su-spoiler-content su-u-clearfix su-u-trim\">\n<p><strong>Aislamiento ac\u00fastico:<\/strong> 31,9 dB (corresponde a la clase a seg\u00fan ISO 23351-1)<\/p>\n<p><strong>Intercambio de aire:\u00a0<\/strong>450 m\u00b3\/h (caudal de aire del sistema)<\/p>\n<p><strong>Caracter\u00edsticas especiales:<\/strong> Calidad del aire interior certificada: probada para emisiones de COV, es decir, vapores de compuestos org\u00e1nicos vol\u00e1tiles.<\/p>\n<\/div><\/div>\n<\/div>","protected":false},"excerpt":{"rendered":"<p>La caja de reuniones \u201eSilen Space 4\u201c cumple las normas m\u00e1s estrictas en cuanto a aislamiento ac\u00fastico, intercambio de aire y opciones de personalizaci\u00f3n. Como caja de reuniones premium con aislamiento ac\u00fastico certificado de clase A (ISO 23351-1), la Silen Space 4 se sit\u00faa claramente en la liga superior. Esto se consigue mediante paredes extragruesas, acristalamiento insonorizado de alta calidad y el uso de espuma ecol\u00f3gica y fieltro ac\u00fastico. Con una superficie de 2,40 x 2,42 metros, el \u201eEspacio Silen 4\u201c es lo suficientemente grande como para alojar hasta 8 personas en los dos bancos. El \u201eEspacio 4\u201c consta t\u00e9cnicamente de dos m\u00f3dulos \u201eEspacio 2\u201c interconectados. Esto significa que un \u201eSpace 4\u201c puede reutilizarse varias veces a lo largo de su vida \u00fatil: un \u201ekit de separaci\u00f3n\u201c contiene las piezas adicionales necesarias, como cristales adicionales.<\/p>\n<p>Como todos los cubos ac\u00fasticos de la serie Silen-Space, existen numerosas opciones de dise\u00f1o en color, incluido el revestimiento de chapa de madera aut\u00e9ntica.<\/p>\n<p><strong>Nota:<\/strong> Esta caja de reuniones pertenece a la denominada 1\u00aa generaci\u00f3n de la serie de productos Silen-Space (<a href=\"https:\/\/99cubes.de\/es\/cubos-acusticos-silen-space\/\" target=\"_blank\" rel=\"noopener\">m\u00e1s informaci\u00f3n<\/a>). En marzo de 2026, se lanz\u00f3 al mercado la 2\u00aa generaci\u00f3n de Silen Space - <a href=\"https:\/\/99cubes.de\/es\/la-familia-de-productos-silen-space-2-generacion\/\" target=\"_blank\" rel=\"noopener\">Toda la informaci\u00f3n sobre la serie revisada de productos Silen Space (2\u00aa generaci\u00f3n)<\/a>.<\/p>","protected":false},"featured_media":3547,"comment_status":"open","ping_status":"closed","template":"","meta":{"content-type":"","_uag_custom_page_level_css":""},"product_brand":[],"product_cat":[60],"product_tag":[],"class_list":{"0":"post-3545","1":"product","2":"type-product","3":"status-publish","4":"has-post-thumbnail","6":"product_cat-meetingboxen","7":"pa_anzahl-personen-6-personen","8":"pa_anzahl-personen-8-personen","9":"pa_belueftungssteuerung-individuell-steuerbar","10":"pa_belueftungssteuerung-vollautomatisch","11":"pa_breite-240-m","12":"pa_buchungstool-display-goconut-ready","13":"pa_einsatz-szenarien-buero","14":"pa_einsatz-szenarien-einzelhandel","15":"pa_einsatz-szenarien-flughafen-bahnhof","16":"pa_einsatz-szenarien-hotel","17":"pa_einsatz-szenarien-logistik","18":"pa_einsatz-szenarien-produktion","19":"pa_einsatz-szenarien-schule-universitaet","20":"pa_farbe-konfigurierbar","21":"pa_farbe-schwarz","22":"pa_farbe-weiss","23":"pa_flex-miete-verfuegbar-auf-anfrage","24":"pa_gewicht-1-200-kg","25":"pa_hoehe-229-m","26":"pa_lan-kein-lan-anschluss","27":"pa_lan-lan-anschluss-als-sonderausstattung","28":"pa_lieferzeit-2-wochen-lieferzeit","29":"pa_luftaustausch-450-m-h-systemluftstrom","30":"pa_marke-silen","31":"pa_mobilitaet-mit-integrierten-bodenrollen","32":"pa_monitorhalterung-monitorhalterung-als-sonderausstattung","33":"pa_monitorhalterung-ohne-monitorhalterung","34":"pa_nachhaltigkeit-klimaneutral-hergestellt","35":"pa_preissegment-vier","36":"pa_schalldaemmung-vier-sterne","37":"pa_sitzen-oder-stehen-im-sitzen-niedrig-mit-stuhl-oder-bank","38":"pa_spezial-features-aussenwandfarbe-nachtraeglich-austauschbar","39":"pa_spezial-features-gs-tuev-zertifiziert","40":"pa_spezial-features-modular-verkettbar-aufteilbar","41":"pa_spezial-features-zertifizierte-innenraum-luftqualitaet","42":"pa_tiefe-242-m","43":"pa_verfuegbare-tisch-optionen-fixe-tischhoehe-sitzen","44":"pa_verwendung-meeting","45":"pa_verwendung-telefonieren","46":"pa_verwendung-video-call","48":"first","49":"instock","50":"taxable","51":"shipping-taxable","52":"purchasable","53":"product-type-simple"},"uagb_featured_image_src":{"full":["https:\/\/99cubes.de\/wp-content\/uploads\/2025\/01\/Meetingbox-silen-space-4-bis-zu-acht-personen-ambiente-quad-1.jpg",1200,1200,false],"thumbnail":["https:\/\/99cubes.de\/wp-content\/uploads\/2025\/01\/Meetingbox-silen-space-4-bis-zu-acht-personen-ambiente-quad-1-200x200.jpg",200,200,true],"medium":["https:\/\/99cubes.de\/wp-content\/uploads\/2025\/01\/Meetingbox-silen-space-4-bis-zu-acht-personen-ambiente-quad-1-450x450.jpg",450,450,true],"medium_large":["https:\/\/99cubes.de\/wp-content\/uploads\/2025\/01\/Meetingbox-silen-space-4-bis-zu-acht-personen-ambiente-quad-1-768x768.jpg",768,768,true],"large":["https:\/\/99cubes.de\/wp-content\/uploads\/2025\/01\/Meetingbox-silen-space-4-bis-zu-acht-personen-ambiente-quad-1-1200x1200.jpg",1140,1140,true],"1536x1536":["https:\/\/99cubes.de\/wp-content\/uploads\/2025\/01\/Meetingbox-silen-space-4-bis-zu-acht-personen-ambiente-quad-1.jpg",1200,1200,false],"2048x2048":["https:\/\/99cubes.de\/wp-content\/uploads\/2025\/01\/Meetingbox-silen-space-4-bis-zu-acht-personen-ambiente-quad-1.jpg",1200,1200,false],"trp-custom-language-flag":["https:\/\/99cubes.de\/wp-content\/uploads\/2025\/01\/Meetingbox-silen-space-4-bis-zu-acht-personen-ambiente-quad-1-12x12.jpg",12,12,true],"botiga-extra-large":["https:\/\/99cubes.de\/wp-content\/uploads\/2025\/01\/Meetingbox-silen-space-4-bis-zu-acht-personen-ambiente-quad-1-1140x1140.jpg",1140,1140,true],"botiga-large":["https:\/\/99cubes.de\/wp-content\/uploads\/2025\/01\/Meetingbox-silen-space-4-bis-zu-acht-personen-ambiente-quad-1-920x920.jpg",920,920,true],"botiga-big":["https:\/\/99cubes.de\/wp-content\/uploads\/2025\/01\/Meetingbox-silen-space-4-bis-zu-acht-personen-ambiente-quad-1-575x575.jpg",575,575,true],"botiga-medium":["https:\/\/99cubes.de\/wp-content\/uploads\/2025\/01\/Meetingbox-silen-space-4-bis-zu-acht-personen-ambiente-quad-1-380x380.jpg",380,380,true],"botiga-header-icons":["https:\/\/99cubes.de\/wp-content\/uploads\/2025\/01\/Meetingbox-silen-space-4-bis-zu-acht-personen-ambiente-quad-1-50x50.jpg",50,50,true],"botiga-product-swatch-image":["https:\/\/99cubes.de\/wp-content\/uploads\/2025\/01\/Meetingbox-silen-space-4-bis-zu-acht-personen-ambiente-quad-1-26x26.jpg",26,26,true],"woocommerce_thumbnail":["https:\/\/99cubes.de\/wp-content\/uploads\/2025\/01\/Meetingbox-silen-space-4-bis-zu-acht-personen-ambiente-quad-1-420x420.jpg",420,420,true],"woocommerce_single":["https:\/\/99cubes.de\/wp-content\/uploads\/2025\/01\/Meetingbox-silen-space-4-bis-zu-acht-personen-ambiente-quad-1-800x800.jpg",800,800,true],"woocommerce_gallery_thumbnail":["https:\/\/99cubes.de\/wp-content\/uploads\/2025\/01\/Meetingbox-silen-space-4-bis-zu-acht-personen-ambiente-quad-1-100x100.jpg",100,100,true],"wpvr_mobile":["https:\/\/99cubes.de\/wp-content\/uploads\/2025\/01\/Meetingbox-silen-space-4-bis-zu-acht-personen-ambiente-quad-1.jpg",1200,1200,false]},"uagb_author_info":{"display_name":"frank","author_link":"https:\/\/99cubes.de\/es\/author\/"},"uagb_comment_info":0,"uagb_excerpt":"Die Meetingbox \"Silen Space 4\" gen\u00fcgt h\u00f6chsten Anspr\u00fcchen, was Schalld\u00e4mmung, Luftaustausch und Individualisierungsm\u00f6glichkeiten angeht. Als Premium-Meetingbox mit der zertifizierten Schallschutzklasse A (ISO 23351-1) geh\u00f6rt die Silen Space 4 nachweislich zur Oberliga. Dies wird durch extra-dicke W\u00e4nde, hochwertige Schallschutz-Verglasung und die Verwendung von \u00f6kologischem Schaumstoff und Akustikfilz erreicht. Mit 2,40 x 2,42 Metern Grundfl\u00e4che ist die&hellip;","_links":{"self":[{"href":"https:\/\/99cubes.de\/es\/wp-json\/wp\/v2\/product\/3545","targetHints":{"allow":["GET"]}}],"collection":[{"href":"https:\/\/99cubes.de\/es\/wp-json\/wp\/v2\/product"}],"about":[{"href":"https:\/\/99cubes.de\/es\/wp-json\/wp\/v2\/types\/product"}],"replies":[{"embeddable":true,"href":"https:\/\/99cubes.de\/es\/wp-json\/wp\/v2\/comments?post=3545"}],"wp:featuredmedia":[{"embeddable":true,"href":"https:\/\/99cubes.de\/es\/wp-json\/wp\/v2\/media\/3547"}],"wp:attachment":[{"href":"https:\/\/99cubes.de\/es\/wp-json\/wp\/v2\/media?parent=3545"}],"wp:term":[{"taxonomy":"product_brand","embeddable":true,"href":"https:\/\/99cubes.de\/es\/wp-json\/wp\/v2\/product_brand?post=3545"},{"taxonomy":"product_cat","embeddable":true,"href":"https:\/\/99cubes.de\/es\/wp-json\/wp\/v2\/product_cat?post=3545"},{"taxonomy":"product_tag","embeddable":true,"href":"https:\/\/99cubes.de\/es\/wp-json\/wp\/v2\/product_tag?post=3545"}],"curies":[{"name":"wp","href":"https:\/\/api.w.org\/{rel}","templated":true}]}}