{"id":4610,"date":"2026-03-06T18:26:33","date_gmt":"2026-03-06T17:26:33","guid":{"rendered":"https:\/\/99cubes.de\/?post_type=product&#038;p=4610"},"modified":"2026-04-10T12:29:03","modified_gmt":"2026-04-10T10:29:03","slug":"meetingbox-silen-space-meet-2-silen","status":"publish","type":"product","link":"https:\/\/99cubes.de\/es\/produkt\/meetingbox-silen-space-meet-2-silen\/","title":{"rendered":"Caja de reuniones Silen Space Meet 2 | Silen (Gen. 2)"},"content":{"rendered":"<div class=\"su-accordion su-u-trim\">\n<div class=\"su-spoiler su-spoiler-style-default su-spoiler-icon-plus\" data-scroll-offset=\"0\" data-anchor-in-url=\"no\"><div class=\"su-spoiler-title\" tabindex=\"0\" role=\"button\"><span class=\"su-spoiler-icon\"><\/span><strong>Silen Space - La 2\u00aa generaci\u00f3n de una serie de \u00e9xito<\/strong><\/div><div class=\"su-spoiler-content su-u-clearfix su-u-trim\">\n<p>Con la nueva edici\u00f3n de la popular serie de productos Silen Space, el fabricante estonio Silen ha dado un notable salto adelante en su desarrollo. La 2\u00aa generaci\u00f3n combina un dise\u00f1o optimizado con proporciones m\u00e1s delgadas, un menor uso de materiales y una notable ventaja de precio, con el excelente aislamiento ac\u00fastico y el elevado nivel de confort habitual.<\/p>\n<div class=\"no-controls\" style=\"float: right; margin-left: 15px; margin-bottom: 15px;\">\n<div style=\"width: 300px;\" class=\"wp-video\"><video class=\"wp-video-shortcode\" id=\"video-4610-1\" width=\"300\" height=\"300\" loop autoplay muted preload=\"metadata\" controls=\"controls\"><source type=\"video\/mp4\" src=\"https:\/\/99cubes.de\/wp-content\/uploads\/2026\/03\/dimmbare-LEDs-Silen-Space-Demo.mp4?_=1\" \/><a href=\"https:\/\/99cubes.de\/wp-content\/uploads\/2026\/03\/dimmbare-LEDs-Silen-Space-Demo.mp4\">https:\/\/99cubes.de\/wp-content\/uploads\/2026\/03\/dimmbare-LEDs-Silen-Space-Demo.mp4<\/a><\/video><\/div>\n<\/div>\n<p><strong>El amplio volumen de suministro est\u00e1ndar incluye<\/strong><\/p>\n<ul>\n<li>Iluminaci\u00f3n LED regulable (2.700-5.000 K) con varios escenarios de iluminaci\u00f3n preestablecidos<\/li>\n<li>Panel de control mejorado con manejo t\u00e1ctil intuitivo<\/li>\n<li>Ventilaci\u00f3n autom\u00e1tica incl. modo de refuerzo manual<\/li>\n<li>Discreta se\u00f1al de ocupado con LED rojo en el techo<\/li>\n<\/ul>\n<p><strong>Para los que buscan calidad sin concesiones<\/strong><br \/>\nLa 2\u00aa generaci\u00f3n de Silen Space Cubes es el nuevo buque insignia de uno de los l\u00edderes mundiales en innovaci\u00f3n de soluciones ac\u00fasticas. Potentes, con un dise\u00f1o elegantemente sobrio y m\u00e1s atractivos que nunca desde el punto de vista econ\u00f3mico.<\/p>\n<\/div><\/div>\n<div class=\"su-spoiler su-spoiler-style-default su-spoiler-icon-plus su-spoiler-closed\" data-scroll-offset=\"0\" data-anchor-in-url=\"no\"><div class=\"su-spoiler-title\" tabindex=\"0\" role=\"button\"><span class=\"su-spoiler-icon\"><\/span><strong>Opciones de equipamiento:<\/strong><\/div><div class=\"su-spoiler-content su-u-clearfix su-u-trim\">\n<p><strong>Caracter\u00edsticas principales:<\/strong><\/p>\n<ul>\n<li><span class=\"animate-in fade-in-25 duration-700\">Comf<\/span><span class=\"animate-in fade-in-25 duration-700\">ortable para 2 pers<\/span><span class=\"animate-in fade-in-25 duration-700\">ons<\/span><\/li>\n<li>con iluminaci\u00f3n LED autom\u00e1tica y regulable con varios escenarios de iluminaci\u00f3n preestablecidos y temperaturas de color entre 2.700 K (blanco c\u00e1lido) y 5.000 K (blanco luz diurna)<\/li>\n<li>Panel de control con regulador de iluminaci\u00f3n y ventilaci\u00f3n y modo boost para la ventilaci\u00f3n<\/li>\n<li>Sistema de ventilaci\u00f3n autom\u00e1tica con sensor de presencia de bajo consumo y modo boost<\/li>\n<li>M\u00f3vil gracias a las ruedas ocultas en la base, que pueden activarse desde el interior en caso necesario<\/li>\n<li>Personalizable en colores y caracter\u00edsticas<\/li>\n<li>Sostenible, con una vida \u00fatil de m\u00e1s de 20 a\u00f1os<\/li>\n<li>Vidrio de seguridad insonorizante (vidrio de seguridad laminado de 12 mm)<\/li>\n<li>Indicador de ocupaci\u00f3n: la banda luminosa circundante en el techo cambia a rojo cuando est\u00e1 ocupada.<\/li>\n<li>Opci\u00f3n: la puerta se abre a la izquierda o a la derecha<\/li>\n<li>Marco de la puerta negro<\/li>\n<li>Tres colores est\u00e1ndar diferentes para la carcasa exterior entre los que elegir: Blanco, negro o \u201egris algod\u00f3n\u201c.\u201c<\/li>\n<li>Dise\u00f1o interior:\n<ul>\n<li>Moqueta en gris oscuro<\/li>\n<li>Paredes interiores opcionales en los colores \u201eCool Beige\u201c o \u201eDark Grey\u201c.\u201c<\/li>\n<\/ul>\n<\/li>\n<li>La preparaci\u00f3n para rociadores o alarmas contra incendios se incluye de serie<\/li>\n<\/ul>\n<p><strong>Opciones de personalizaci\u00f3n (algunas con coste adicional):<\/strong><\/p>\n<ul>\n<li>Opciones de color adicionales para el interior y el exterior en varios materiales (incluidos paneles laterales recubiertos de tela o acabado de chapa de madera aut\u00e9ntica).<\/li>\n<li>Bisagras de cierre autom\u00e1tico<\/li>\n<li>Conexi\u00f3n LAN<\/li>\n<li>Varias opciones de mesa:\n<ul>\n<li>sin mesa<\/li>\n<li>Mesa de instalaci\u00f3n fija a una altura de 75 cm, con dispositivo para hasta tres enchufes (230 V \/ carga USB (tipo A+C) \/ LAN)<\/li>\n<\/ul>\n<\/li>\n<li>Diferentes variantes de sof\u00e1s:\n<ul>\n<li>sin sof\u00e1<\/li>\n<li>con sof\u00e1 est\u00e1ndar (tipo \u201eVega\u201c)<\/li>\n<li>con sof\u00e1 premium con reposabrazos unilateral (tipo \u201eSpace\u201c)<\/li>\n<\/ul>\n<\/li>\n<li>En la pared: opcionalmente hasta seis ranuras para tomas de 230 V \/ cargador USB \/ cable LAN (especialmente necesario si no se utiliza una mesa y, por tanto, no se requieren las conexiones all\u00ed)<\/li>\n<\/ul>\n<\/div><\/div>\n<div class=\"su-spoiler su-spoiler-style-default su-spoiler-icon-plus su-spoiler-closed\" data-scroll-offset=\"0\" data-anchor-in-url=\"no\"><div class=\"su-spoiler-title\" tabindex=\"0\" role=\"button\"><span class=\"su-spoiler-icon\"><\/span><strong>Dimensiones y peso:<\/strong><\/div><div class=\"su-spoiler-content su-u-clearfix su-u-trim\">\n<ul>\n<li>Anchura (exterior \/ interior): 2380 mm \/ 2230 mm<\/li>\n<li>Profundidad (exterior \/ interior): 1100 mm \/ 1050 mm<\/li>\n<li>Altura (exterior \/ interior): 2280 mm \/ 2080 mm<\/li>\n<li>Peso: 556 kg<\/li>\n<\/ul>\n<\/div><\/div>\n<div class=\"su-spoiler su-spoiler-style-default su-spoiler-icon-plus su-spoiler-closed\" data-scroll-offset=\"0\" data-anchor-in-url=\"no\"><div class=\"su-spoiler-title\" tabindex=\"0\" role=\"button\"><span class=\"su-spoiler-icon\"><\/span><strong>Datos ac\u00fasticos y ventilaci\u00f3n:<\/strong><\/div><div class=\"su-spoiler-content su-u-clearfix su-u-trim\">\n<p><strong>Aislamiento ac\u00fastico:<\/strong> Certificaci\u00f3n pendiente<\/p>\n<p><strong>Intercambio de aire: <\/strong>Medici\u00f3n pendiente<\/p>\n<p><strong>Caracter\u00edsticas especiales:<\/strong> Calidad del aire interior certificada: probada para emisiones de COV, es decir, vapores de compuestos org\u00e1nicos vol\u00e1tiles.<\/p>\n<\/div><\/div>\n<\/div>","protected":false},"excerpt":{"rendered":"<p>La caja de reuniones Silen Space Meet 2 forma parte de la segunda generaci\u00f3n de productos Silen Space. Es sin\u00f3nimo de aislamiento ac\u00fastico de primera clase, dise\u00f1o moderno y comodidad notablemente mejorada. Gracias a su dise\u00f1o optimizado, la nueva generaci\u00f3n presenta unas proporciones m\u00e1s delgadas, un menor uso de materiales y un precio m\u00e1s atractivo, sin comprometer el rendimiento ni la calidad. El aislamiento ac\u00fastico de clase A seg\u00fan la norma ISO-23351-1 y los paneles textiles de alta calidad garantizan unas condiciones ideales para el trabajo concentrado.<br \/>\nLas caracter\u00edsticas est\u00e1ndar incluyen iluminaci\u00f3n LED regulable, ventilaci\u00f3n autom\u00e1tica con modo de refuerzo, un panel de control revisado y una discreta se\u00f1al de ocupado. Perfecta para quien busque soluciones de alta calidad habitaci\u00f3n por habitaci\u00f3n sin concesiones.<\/p>","protected":false},"featured_media":4702,"comment_status":"open","ping_status":"closed","template":"","meta":{"content-type":"","_uag_custom_page_level_css":""},"product_brand":[],"product_cat":[60],"product_tag":[],"class_list":{"0":"post-4610","1":"product","2":"type-product","3":"status-publish","4":"has-post-thumbnail","6":"product_cat-meetingboxen","7":"pa_anzahl-personen-2-personen","8":"pa_belueftungssteuerung-individuell-steuerbar","9":"pa_belueftungssteuerung-vollautomatisch","10":"pa_breite-238-cm","11":"pa_buchungstool-display-goconut-ready","12":"pa_einsatz-szenarien-buero","13":"pa_einsatz-szenarien-flughafen-bahnhof","14":"pa_einsatz-szenarien-hotel","15":"pa_einsatz-szenarien-logistik","16":"pa_einsatz-szenarien-produktion","17":"pa_einsatz-szenarien-schule-universitaet","18":"pa_farbe-konfigurierbar","19":"pa_farbe-schwarz","20":"pa_farbe-weiss","21":"pa_flex-miete-verfuegbar-auf-anfrage","22":"pa_gewicht-556-kg","23":"pa_hoehe-228-m","24":"pa_lan-kein-lan-anschluss","25":"pa_lan-lan-anschluss-als-sonderausstattung","26":"pa_lieferzeit-4-bis-6-wochen-lieferzeit","27":"pa_luftaustausch-keine-angaben","28":"pa_marke-silen","29":"pa_mobilitaet-mit-integrierten-bodenrollen","30":"pa_monitorhalterung-monitorhalterung-als-sonderausstattung","31":"pa_monitorhalterung-ohne-monitorhalterung","32":"pa_preissegment-vier","33":"pa_schalldaemmung-vier-sterne","34":"pa_sitzen-oder-stehen-im-sitzen-niedrig-mit-stuhl-oder-bank","35":"pa_spezial-features-aussenwandfarbe-nachtraeglich-austauschbar","36":"pa_spezial-features-zertifizierte-innenraum-luftqualitaet","37":"pa_tiefe-110-m","38":"pa_verfuegbare-tisch-optionen-fixe-tischhoehe-stehen","39":"pa_verfuegbare-tisch-optionen-variable-tischhoehe-elektrisch-verstellbar","40":"pa_verwendung-konzentriertes-arbeiten","41":"pa_verwendung-meeting","42":"pa_verwendung-telefonieren","43":"pa_verwendung-video-call","44":"pa_verwendung-zusammenarbeiten","46":"first","47":"instock","48":"taxable","49":"shipping-taxable","50":"purchasable","51":"product-type-simple"},"uagb_featured_image_src":{"full":["https:\/\/99cubes.de\/wp-content\/uploads\/2026\/03\/99cubes-2-Personen-Meetingbox-Silen-Space-Meet-2-Quad.jpg",1200,1200,false],"thumbnail":["https:\/\/99cubes.de\/wp-content\/uploads\/2026\/03\/99cubes-2-Personen-Meetingbox-Silen-Space-Meet-2-Quad-200x200.jpg",200,200,true],"medium":["https:\/\/99cubes.de\/wp-content\/uploads\/2026\/03\/99cubes-2-Personen-Meetingbox-Silen-Space-Meet-2-Quad-450x450.jpg",450,450,true],"medium_large":["https:\/\/99cubes.de\/wp-content\/uploads\/2026\/03\/99cubes-2-Personen-Meetingbox-Silen-Space-Meet-2-Quad-768x768.jpg",768,768,true],"large":["https:\/\/99cubes.de\/wp-content\/uploads\/2026\/03\/99cubes-2-Personen-Meetingbox-Silen-Space-Meet-2-Quad-1200x1200.jpg",1140,1140,true],"1536x1536":["https:\/\/99cubes.de\/wp-content\/uploads\/2026\/03\/99cubes-2-Personen-Meetingbox-Silen-Space-Meet-2-Quad-1536x1536.jpg",1200,1200,true],"2048x2048":["https:\/\/99cubes.de\/wp-content\/uploads\/2026\/03\/99cubes-2-Personen-Meetingbox-Silen-Space-Meet-2-Quad.jpg",1200,1200,false],"trp-custom-language-flag":["https:\/\/99cubes.de\/wp-content\/uploads\/2026\/03\/99cubes-2-Personen-Meetingbox-Silen-Space-Meet-2-Quad-12x12.jpg",12,12,true],"botiga-extra-large":["https:\/\/99cubes.de\/wp-content\/uploads\/2026\/03\/99cubes-2-Personen-Meetingbox-Silen-Space-Meet-2-Quad-1140x1140.jpg",1140,1140,true],"botiga-large":["https:\/\/99cubes.de\/wp-content\/uploads\/2026\/03\/99cubes-2-Personen-Meetingbox-Silen-Space-Meet-2-Quad-920x920.jpg",920,920,true],"botiga-big":["https:\/\/99cubes.de\/wp-content\/uploads\/2026\/03\/99cubes-2-Personen-Meetingbox-Silen-Space-Meet-2-Quad-575x575.jpg",575,575,true],"botiga-medium":["https:\/\/99cubes.de\/wp-content\/uploads\/2026\/03\/99cubes-2-Personen-Meetingbox-Silen-Space-Meet-2-Quad-380x380.jpg",380,380,true],"botiga-header-icons":["https:\/\/99cubes.de\/wp-content\/uploads\/2026\/03\/99cubes-2-Personen-Meetingbox-Silen-Space-Meet-2-Quad-50x50.jpg",50,50,true],"botiga-product-swatch-image":["https:\/\/99cubes.de\/wp-content\/uploads\/2026\/03\/99cubes-2-Personen-Meetingbox-Silen-Space-Meet-2-Quad-26x26.jpg",26,26,true],"woocommerce_thumbnail":["https:\/\/99cubes.de\/wp-content\/uploads\/2026\/03\/99cubes-2-Personen-Meetingbox-Silen-Space-Meet-2-Quad-420x420.jpg",420,420,true],"woocommerce_single":["https:\/\/99cubes.de\/wp-content\/uploads\/2026\/03\/99cubes-2-Personen-Meetingbox-Silen-Space-Meet-2-Quad-800x800.jpg",800,800,true],"woocommerce_gallery_thumbnail":["https:\/\/99cubes.de\/wp-content\/uploads\/2026\/03\/99cubes-2-Personen-Meetingbox-Silen-Space-Meet-2-Quad-100x100.jpg",100,100,true],"wpvr_mobile":["https:\/\/99cubes.de\/wp-content\/uploads\/2026\/03\/99cubes-2-Personen-Meetingbox-Silen-Space-Meet-2-Quad.jpg",1200,1200,false]},"uagb_author_info":{"display_name":"frank","author_link":"https:\/\/99cubes.de\/es\/author\/"},"uagb_comment_info":0,"uagb_excerpt":"Die Meetingbox Silen Space Meet 2 ist Teil der Silen Space Produktserie der 2. Generation. Diese steht f\u00fcr erstklassige Schalld\u00e4mmung, modernes Design und sp\u00fcrbar verbesserten Komfort. Dank optimierter Konstruktion \u00fcberzeugt die neue Generation mit schlankeren Proportionen, reduziertem Materialeinsatz und einem attraktiveren Preis \u2013 ohne Abstriche bei Leistung oder Qualit\u00e4t. Schallschutzklasse A gem\u00e4\u00df ISO\u201123351\u20111 und hochwertige&hellip;","_links":{"self":[{"href":"https:\/\/99cubes.de\/es\/wp-json\/wp\/v2\/product\/4610","targetHints":{"allow":["GET"]}}],"collection":[{"href":"https:\/\/99cubes.de\/es\/wp-json\/wp\/v2\/product"}],"about":[{"href":"https:\/\/99cubes.de\/es\/wp-json\/wp\/v2\/types\/product"}],"replies":[{"embeddable":true,"href":"https:\/\/99cubes.de\/es\/wp-json\/wp\/v2\/comments?post=4610"}],"wp:featuredmedia":[{"embeddable":true,"href":"https:\/\/99cubes.de\/es\/wp-json\/wp\/v2\/media\/4702"}],"wp:attachment":[{"href":"https:\/\/99cubes.de\/es\/wp-json\/wp\/v2\/media?parent=4610"}],"wp:term":[{"taxonomy":"product_brand","embeddable":true,"href":"https:\/\/99cubes.de\/es\/wp-json\/wp\/v2\/product_brand?post=4610"},{"taxonomy":"product_cat","embeddable":true,"href":"https:\/\/99cubes.de\/es\/wp-json\/wp\/v2\/product_cat?post=4610"},{"taxonomy":"product_tag","embeddable":true,"href":"https:\/\/99cubes.de\/es\/wp-json\/wp\/v2\/product_tag?post=4610"}],"curies":[{"name":"wp","href":"https:\/\/api.w.org\/{rel}","templated":true}]}}