{"id":1100,"date":"2024-07-05T10:50:00","date_gmt":"2024-07-05T08:50:00","guid":{"rendered":"https:\/\/99cubes.de\/?post_type=product&#038;p=1100"},"modified":"2026-02-11T09:39:32","modified_gmt":"2026-02-11T08:39:32","slug":"meeting-box-cube-m-sedus-2","status":"publish","type":"product","link":"https:\/\/99cubes.de\/fr\/produkt\/meeting-box-cube-m-sedus-2\/","title":{"rendered":"Bo\u00eete de r\u00e9union Cube M | SEDUS"},"content":{"rendered":"<div class=\"su-accordion su-u-trim\">\n<div class=\"su-spoiler su-spoiler-style-default su-spoiler-icon-plus\" data-scroll-offset=\"0\" data-anchor-in-url=\"no\"><div class=\"su-spoiler-title\" tabindex=\"0\" role=\"button\"><span class=\"su-spoiler-icon\"><\/span><strong>\u00c0 propos de la gamme se:cube de Sedus<\/strong><\/div><div class=\"su-spoiler-content su-u-clearfix su-u-trim\">\n<p>Sedus est l'un des fabricants de mobilier de bureau les plus renomm\u00e9s et les plus prosp\u00e8res d'Allemagne. Avec se:cube, Sedus a lanc\u00e9 sur le march\u00e9 une s\u00e9rie innovante de bo\u00eetiers de t\u00e9l\u00e9phone et de r\u00e9union qui a s\u00e9duit de nombreux clients. Le design des cubes de Sedus se caract\u00e9rise par une forme sobre et rectiligne, adoucie par des coins l\u00e9g\u00e8rement arrondis. Les mod\u00e8les se:cube s'int\u00e8grent ainsi parfaitement dans les environnements de bureau les plus divers. Une caract\u00e9ristique particuli\u00e8re de la s\u00e9rie est le bandeau de LED disponible en option. Elle sert de signal visuel d'occupation et s'allume d\u00e8s que le box est utilis\u00e9.<\/p>\n<p>Parmi les autres particularit\u00e9s de la s\u00e9rie se:cube, on peut citer<\/p>\n<ul>\n<li>S\u00e9curit\u00e9 certifi\u00e9e par le T\u00dcV (\u201eGS\u201c)<\/li>\n<li>commande intelligente de l'\u00e9clairage et de la ventilation avec triple capteur : capteur de mouvement, capteur de temp\u00e9rature et, en option, capteur de CO\u00b2<\/li>\n<li>en option, un \u00e9l\u00e9ment de commande pour contr\u00f4ler manuellement l'a\u00e9ration, la luminosit\u00e9 et la temp\u00e9rature de couleur des LED<\/li>\n<li>disponible contre suppl\u00e9ment de prix en version anti-incendie ainsi qu'avec un trou pour l'int\u00e9gration d'un sprinkler<\/li>\n<\/ul>\n<p>L'aspect ou la couleur des cubes de Sedus est personnalisable :<\/p>\n<ul>\n<li>Peinture ext\u00e9rieure en 10 couleurs diff\u00e9rentes (standard : blanc, autres couleurs disponibles moyennant un suppl\u00e9ment)<\/li>\n<li>Les parois ext\u00e9rieures peuvent \u00eatre rev\u00eatues d'un tableau blanc - un cube peut ainsi \u00eatre utilis\u00e9 de mani\u00e8re judicieuse de l'ext\u00e9rieur, notamment dans les environnements de bureau ouverts.<\/li>\n<li>la paroi arri\u00e8re peut \u00eatre ferm\u00e9e ou vitr\u00e9e au choix<\/li>\n<li>porte sur charni\u00e8res \u00e0 gauche ou \u00e0 droite au choix<\/li>\n<\/ul>\n<\/div><\/div>\n<div class=\"su-spoiler su-spoiler-style-default su-spoiler-icon-plus su-spoiler-closed\" data-scroll-offset=\"0\" data-anchor-in-url=\"no\"><div class=\"su-spoiler-title\" tabindex=\"0\" role=\"button\"><span class=\"su-spoiler-icon\"><\/span><strong>\u00c9quipement :<\/strong><\/div><div class=\"su-spoiler-content su-u-clearfix su-u-trim\">\n<p>L'\u00e9quipement int\u00e9rieur est configurable individuellement et permet une adaptation sur mesure \u00e0 de nombreux sc\u00e9narios d'utilisation et exigences diff\u00e9rents :<\/p>\n<ul>\n<li>Parois int\u00e9rieures \u00e0 gauche et \u00e0 droite sous forme de panneaux acoustiques, compos\u00e9s d'un cadre HDF avec remplissage en non-tiss\u00e9 acoustique en polyester et recouverts de tissu contrecoll\u00e9 (alternativement en version feutre PET).<\/li>\n<li>Rev\u00eatement de sol de diff\u00e9rentes couleurs (dalles de moquette de la marque de qualit\u00e9 Interface)<\/li>\n<li>Int\u00e9rieur d\u00e9pendant de la variante de mod\u00e8le choisie - respectivement configurable en diff\u00e9rentes couleurs et d\u00e9cors<\/li>\n<li>Prise de courant standard \u00e0 la hauteur appropri\u00e9e selon la variante de mod\u00e8le choisie<\/li>\n<li>Connexion LAN et\/ou prise de charge USB-A\/C disponibles en option<\/li>\n<li>selon la variante du mod\u00e8le, le montage d'un moniteur peut se faire sur les parois lat\u00e9rales ou \u00e0 l'aide d'un bras pour moniteur sur la table, SEDUS livre alors la bo\u00eete avec une pr\u00e9paration correspondante - le support pour moniteur proprement dit doit \u00eatre command\u00e9 s\u00e9par\u00e9ment comme accessoire.<\/li>\n<\/ul>\n<\/div><\/div>\n<div class=\"su-spoiler su-spoiler-style-default su-spoiler-icon-plus su-spoiler-closed\" data-scroll-offset=\"0\" data-anchor-in-url=\"no\"><div class=\"su-spoiler-title\" tabindex=\"0\" role=\"button\"><span class=\"su-spoiler-icon\"><\/span><strong>Dimensions et poids :<\/strong><\/div><div class=\"su-spoiler-content su-u-clearfix su-u-trim\">\n<ul>\n<li>largeur : 2,00 m<\/li>\n<li>profondeur : 1,50 m<\/li>\n<li>hauteur : 2,32 m<\/li>\n<li>Hauteur int\u00e9rieure n\u00e9cessaire pour le montage et la circulation de l'air : 2,50 m<\/li>\n<li>Poids : 640 kg (sans l'int\u00e9rieur)<\/li>\n<\/ul>\n<\/div><\/div>\n<div class=\"su-spoiler su-spoiler-style-default su-spoiler-icon-plus su-spoiler-closed\" data-scroll-offset=\"0\" data-anchor-in-url=\"no\"><div class=\"su-spoiler-title\" tabindex=\"0\" role=\"button\"><span class=\"su-spoiler-icon\"><\/span><strong>Donn\u00e9es acoustiques et ventilation :<\/strong><\/div><div class=\"su-spoiler-content su-u-clearfix su-u-trim\">\n<ul>\n<li>R\u00e9duction du niveau de pression acoustique de 28 dB selon la norme DIN EN ISO 11957 (2010)<\/li>\n<li>structure murale en plusieurs parties avec mat\u00e9riau acoustique int\u00e9gr\u00e9<\/li>\n<li>\u00e9l\u00e9ments en verre de 10,76 mm VSG-SI (verre de s\u00e9curit\u00e9 feuillet\u00e9 avec film acoustique intercal\u00e9)<\/li>\n<li>Porte en verre avec joint d'abaissement au sol, en option avec fermeture magn\u00e9tique suppl\u00e9mentaire pour une \u00e9tanch\u00e9it\u00e9 encore meilleure<\/li>\n<li>dalles de moquette acoustiques<\/li>\n<li>Unit\u00e9 de ventilation d'une capacit\u00e9 nominale de 608 m\u00b3\/h, 5 minutes d'arr\u00eat apr\u00e8s avoir quitt\u00e9 les cubes<\/li>\n<\/ul>\n<\/div><\/div>\n<\/div>","protected":false},"excerpt":{"rendered":"<p>La bo\u00eete de r\u00e9union Cube M offre un espace de r\u00e9union ou de travail insonoris\u00e9 sur environ 3 m\u00e8tres carr\u00e9s - selon la variante d'\u00e9quipement, jusqu'\u00e0 quatre personnes. Gr\u00e2ce \u00e0 ses coins arrondis, cette bo\u00eete s'int\u00e8gre harmonieusement dans diff\u00e9rents environnements. La bande LED qui l'entoure et qui s'allume lorsqu'elle est occup\u00e9e attire l'attention.<\/p>\n<p>Les cubes de Sedus sont synonymes de qualit\u00e9 absolue made in Germany et sont la premi\u00e8re gamme d'enceintes acoustiques au monde \u00e0 avoir \u00e9t\u00e9 certifi\u00e9e par le T\u00dcV Rheinland (label GS = s\u00e9curit\u00e9 contr\u00f4l\u00e9e).<\/p>\n<p>Selon la variante de mod\u00e8le, les \u00e9quipements int\u00e9rieurs suivants sont disponibles sur le Cube M :<\/p>\n<ul>\n<li><strong>Recommandation :<\/strong> Diner (3-4 personnes) y compris table encastr\u00e9e et deux canap\u00e9s<\/li>\n<li>Meet (2-4 personnes) avec table encastr\u00e9e (si\u00e8ges disponibles s\u00e9par\u00e9ment)<\/li>\n<li>salon vid\u00e9o (1-2 personnes), y compris une table encastr\u00e9e, un canap\u00e9 et une pr\u00e9paration pour un support d'\u00e9cran sur le mur oppos\u00e9<\/li>\n<li>Focus Work (1 personne) avec table encastr\u00e9e (si\u00e8ges disponibles s\u00e9par\u00e9ment)<\/li>\n<li>Duo Work (2 personnes) debout ou assis, y compris table encastr\u00e9e en forme de V (si\u00e8ges disponibles s\u00e9par\u00e9ment)<\/li>\n<li>vide \/ sans int\u00e9rieur<\/li>\n<\/ul>\n<p>Nous te conseillons volontiers sur les options qui te concernent !<\/p>","protected":false},"featured_media":1110,"comment_status":"open","ping_status":"closed","template":"","meta":{"content-type":"","_uag_custom_page_level_css":""},"product_brand":[],"product_cat":[60],"product_tag":[],"class_list":{"0":"post-1100","1":"product","2":"type-product","3":"status-publish","4":"has-post-thumbnail","6":"product_cat-meetingboxen","7":"pa_anzahl-personen-2-personen","8":"pa_anzahl-personen-4-personen","9":"pa_belueftungssteuerung-individuell-steuerbar","10":"pa_belueftungssteuerung-vollautomatisch","11":"pa_breite-200-m","12":"pa_buchungstool-display-goconut-ready","13":"pa_einsatz-szenarien-buero","14":"pa_einsatz-szenarien-einzelhandel","15":"pa_einsatz-szenarien-hotel","16":"pa_einsatz-szenarien-logistik","17":"pa_einsatz-szenarien-produktion","18":"pa_einsatz-szenarien-schule-universitaet","19":"pa_farbe-konfigurierbar","20":"pa_farbe-schwarz","21":"pa_farbe-weiss","22":"pa_flex-miete-verfuegbar-ja","23":"pa_gewicht-640-kg","24":"pa_hoehe-232-m","25":"pa_lan-kein-lan-anschluss","26":"pa_lan-lan-anschluss-als-sonderausstattung","27":"pa_lieferzeit-8-bis-12-wochen-lieferzeit","28":"pa_luftaustausch-608-m-nominell","29":"pa_marke-sedus","30":"pa_mobilitaet-keine","31":"pa_monitorhalterung-monitorhalterung-als-sonderausstattung","32":"pa_monitorhalterung-ohne-monitorhalterung","33":"pa_preissegment-drei","34":"pa_schalldaemmung-drei-sterne","35":"pa_sitzen-oder-stehen-im-sitzen-hoch-mit-hocker","36":"pa_sitzen-oder-stehen-im-sitzen-niedrig-mit-stuhl-oder-bank","37":"pa_sitzen-oder-stehen-im-stehen","38":"pa_spezial-features-brandschutz-ausfuehrung-verfuegbar","39":"pa_spezial-features-gs-tuev-zertifiziert","40":"pa_spezial-features-led-leuchtstreifen-on-air-signal","41":"pa_spezial-features-video-call-ausstattung","42":"pa_spezial-features-white-board-option","43":"pa_tiefe-150-m","44":"pa_verfuegbare-tisch-optionen-fixe-tischhoehe-sitzen","45":"pa_verfuegbare-tisch-optionen-fixe-tischhoehe-stehen","46":"pa_verfuegbare-tisch-optionen-ohne-tisch","47":"pa_verwendung-konzentriertes-arbeiten","48":"pa_verwendung-meeting","49":"pa_verwendung-telefonieren","50":"pa_verwendung-video-call","51":"pa_verwendung-zusammenarbeiten","53":"first","54":"instock","55":"taxable","56":"shipping-taxable","57":"purchasable","58":"product-type-simple"},"uagb_featured_image_src":{"full":["https:\/\/99cubes.de\/wp-content\/uploads\/2024\/07\/SEDUS-Cube-M-schwarz-transparent-e1720174357658.jpg",1208,1200,false],"thumbnail":["https:\/\/99cubes.de\/wp-content\/uploads\/2024\/07\/SEDUS-Cube-M-schwarz-transparent-e1720174357658-200x200.jpg",200,200,true],"medium":["https:\/\/99cubes.de\/wp-content\/uploads\/2024\/07\/SEDUS-Cube-M-schwarz-transparent-e1720174357658-450x447.jpg",450,447,true],"medium_large":["https:\/\/99cubes.de\/wp-content\/uploads\/2024\/07\/SEDUS-Cube-M-schwarz-transparent-e1720174357658-768x763.jpg",768,763,true],"large":["https:\/\/99cubes.de\/wp-content\/uploads\/2024\/07\/SEDUS-Cube-M-schwarz-transparent-e1720174357658-1200x1192.jpg",1140,1132,true],"1536x1536":["https:\/\/99cubes.de\/wp-content\/uploads\/2024\/07\/SEDUS-Cube-M-schwarz-transparent-1536x864.jpg",1536,864,true],"2048x2048":["https:\/\/99cubes.de\/wp-content\/uploads\/2024\/07\/SEDUS-Cube-M-schwarz-transparent-2048x1152.jpg",2048,1152,true],"trp-custom-language-flag":["https:\/\/99cubes.de\/wp-content\/uploads\/2024\/07\/SEDUS-Cube-M-schwarz-transparent-e1720174357658.jpg",12,12,false],"botiga-extra-large":["https:\/\/99cubes.de\/wp-content\/uploads\/2024\/07\/SEDUS-Cube-M-schwarz-transparent-e1720174357658-1140x1132.jpg",1140,1132,true],"botiga-large":["https:\/\/99cubes.de\/wp-content\/uploads\/2024\/07\/SEDUS-Cube-M-schwarz-transparent-e1720174357658-920x914.jpg",920,914,true],"botiga-big":["https:\/\/99cubes.de\/wp-content\/uploads\/2024\/07\/SEDUS-Cube-M-schwarz-transparent-e1720174357658-575x571.jpg",575,571,true],"botiga-medium":["https:\/\/99cubes.de\/wp-content\/uploads\/2024\/07\/SEDUS-Cube-M-schwarz-transparent-e1720174357658-380x377.jpg",380,377,true],"botiga-header-icons":["https:\/\/99cubes.de\/wp-content\/uploads\/2024\/07\/SEDUS-Cube-M-schwarz-transparent-e1720174357658-50x50.jpg",50,50,true],"botiga-product-swatch-image":["https:\/\/99cubes.de\/wp-content\/uploads\/2024\/07\/SEDUS-Cube-M-schwarz-transparent-e1720174357658-26x26.jpg",26,26,true],"woocommerce_thumbnail":["https:\/\/99cubes.de\/wp-content\/uploads\/2024\/07\/SEDUS-Cube-M-schwarz-transparent-e1720174357658-420x420.jpg",420,420,true],"woocommerce_single":["https:\/\/99cubes.de\/wp-content\/uploads\/2024\/07\/SEDUS-Cube-M-schwarz-transparent-e1720174357658-800x795.jpg",800,795,true],"woocommerce_gallery_thumbnail":["https:\/\/99cubes.de\/wp-content\/uploads\/2024\/07\/SEDUS-Cube-M-schwarz-transparent-e1720174357658-100x100.jpg",100,100,true],"wpvr_mobile":["https:\/\/99cubes.de\/wp-content\/uploads\/2024\/07\/SEDUS-Cube-M-schwarz-transparent-e1720174357658.jpg",1208,1200,false]},"uagb_author_info":{"display_name":"frank","author_link":"https:\/\/99cubes.de\/fr\/author\/"},"uagb_comment_info":0,"uagb_excerpt":"Die Meeting-Box Cube M ist bietet auf ca. 3 Quadratmetern einen schallgesch\u00fctzten Meeting- oder Arbeitsraum \u2013 je nach Ausstattungsvariante f\u00fcr bis zu vier Personen. Durch die abgerundeten Ecken passt sich diese Box harmonisch in verschiedene Umgebungen ein. Ein Hingucker ist der umlaufende LED-Streifen, der bei Belegung aufleuchtet. Die Cubes von Sedus stehen f\u00fcr absolute Qualit\u00e4t\u2026","_links":{"self":[{"href":"https:\/\/99cubes.de\/fr\/wp-json\/wp\/v2\/product\/1100","targetHints":{"allow":["GET"]}}],"collection":[{"href":"https:\/\/99cubes.de\/fr\/wp-json\/wp\/v2\/product"}],"about":[{"href":"https:\/\/99cubes.de\/fr\/wp-json\/wp\/v2\/types\/product"}],"replies":[{"embeddable":true,"href":"https:\/\/99cubes.de\/fr\/wp-json\/wp\/v2\/comments?post=1100"}],"wp:featuredmedia":[{"embeddable":true,"href":"https:\/\/99cubes.de\/fr\/wp-json\/wp\/v2\/media\/1110"}],"wp:attachment":[{"href":"https:\/\/99cubes.de\/fr\/wp-json\/wp\/v2\/media?parent=1100"}],"wp:term":[{"taxonomy":"product_brand","embeddable":true,"href":"https:\/\/99cubes.de\/fr\/wp-json\/wp\/v2\/product_brand?post=1100"},{"taxonomy":"product_cat","embeddable":true,"href":"https:\/\/99cubes.de\/fr\/wp-json\/wp\/v2\/product_cat?post=1100"},{"taxonomy":"product_tag","embeddable":true,"href":"https:\/\/99cubes.de\/fr\/wp-json\/wp\/v2\/product_tag?post=1100"}],"curies":[{"name":"wp","href":"https:\/\/api.w.org\/{rel}","templated":true}]}}