{"id":3443,"date":"2025-01-19T10:09:24","date_gmt":"2025-01-19T09:09:24","guid":{"rendered":"https:\/\/99cubes.de\/?post_type=product&#038;p=3443"},"modified":"2026-03-27T15:07:33","modified_gmt":"2026-03-27T14:07:33","slug":"silen-space-2-vergaderbox-silen","status":"publish","type":"product","link":"https:\/\/99cubes.de\/nl\/produkt\/silen-space-2-meetingbox-silen\/","title":{"rendered":"Silen Space 2 Meetingbox | Silen"},"content":{"rendered":"<div class=\"su-accordion su-u-trim\">\n<div class=\"su-spoiler su-spoiler-style-default su-spoiler-icon-plus\" data-scroll-offset=\"0\" data-anchor-in-url=\"no\"><div class=\"su-spoiler-title\" tabindex=\"0\" role=\"button\"><span class=\"su-spoiler-icon\"><\/span><strong>Over de Silen Space akoestische kubussen<\/strong><\/div><div class=\"su-spoiler-content su-u-clearfix su-u-trim\">\n<p class=\"cvGsUA direction-ltr align-justify para-style-body\"><span class=\"OYPEnA font-feature-liga-off font-feature-clig-off font-feature-calt-off text-decoration-none text-strikethrough-none\">De Silen Space serie zet een nieuwe standaard op het gebied van hoogwaardige akoestische kubussen. Als vlaggenschip van de Estse fabrikant Silen, een van \u201es werelds toonaangevende vernieuwers op het gebied van akoestische oplossingen, inspireert de productlijn klanten in meer dan 60 landen. De Silen Space Cubes maken indruk met hun uitstekende geluidsisolatie en binnenluchtkwaliteit, die is bekroond met het \u201cGold Level\".<\/span><\/p>\n<p class=\"cvGsUA direction-ltr align-justify para-style-body\"><span class=\"OYPEnA font-feature-liga-off font-feature-clig-off font-feature-calt-off text-decoration-none text-strikethrough-none\">De diverse designopties zijn bijzonder indrukwekkend: Van elegant fineerhout tot intelligent glas dat met \u00e9\u00e9n druk op de knop donkerder kan worden gemaakt, elk detail benadrukt het exclusieve karakter van deze serie. Duurzaamheid staat centraal bij Silen: de akoestische kubussen van Space zijn ontworpen om lang mee te gaan. Hoogwaardige materialen en een doordacht, modulair ontwerp maken eenvoudige reparaties mogelijk en garanderen een lange levensduur.<\/span><\/p>\n<\/div><\/div>\n<div class=\"su-spoiler su-spoiler-style-default su-spoiler-icon-plus\" data-scroll-offset=\"0\" data-anchor-in-url=\"no\"><div class=\"su-spoiler-title\" tabindex=\"0\" role=\"button\"><span class=\"su-spoiler-icon\"><\/span><strong>Productconfigurator:<\/strong><\/div><div class=\"su-spoiler-content su-u-clearfix su-u-trim\">\n<p>Je vindt alle opties en ontwerpmogelijkheden in onze interactieve productconfigurator:<\/p>\n<div class=\"wp-block-button\"><a class=\"wp-block-button__link wp-element-button\" href=\"https:\/\/configurator.silen.com\/?site=6364&amp;code=113917\" target=\"_blank\" rel=\"noopener\">Naar de productconfigurator<\/a><\/div>\n<\/div><\/div>\n<div class=\"su-spoiler su-spoiler-style-default su-spoiler-icon-plus su-spoiler-closed\" data-scroll-offset=\"0\" data-anchor-in-url=\"no\"><div class=\"su-spoiler-title\" tabindex=\"0\" role=\"button\"><span class=\"su-spoiler-icon\"><\/span><strong>Uitrustingsopties:<\/strong><\/div><div class=\"su-spoiler-content su-u-clearfix su-u-trim\">\n<p><strong>Belangrijkste kenmerken:<\/strong><\/p>\n<ul>\n<li><span class=\"animate-in fade-in-25 duration-700\">Comf<\/span><span class=\"animate-in fade-in-25 duration-700\">ortabel voor 2 pers<\/span><span class=\"animate-in fade-in-25 duration-700\">ons, geschikt voor<\/span><span class=\"animate-in fade-in-25 duration-700\">\u00a0tot 4 pers<\/span><span class=\"animate-in fade-in-25 duration-700\">voor kortere vergaderingen<\/span><span class=\"animate-in fade-in-25 duration-700\">dingen.<\/span><\/li>\n<li>Met automatische LED-verlichting (4.000 K)<\/li>\n<li>Automatisch ventilatiesysteem met aanwezigheidssensor met laag energieverbruik<\/li>\n<li>Verrijdbaar dankzij in de voet verborgen wielen<\/li>\n<li>Aanpasbaar in kleuren en functies<\/li>\n<li>Duurzaam met een levensduur van meer dan 20 jaar<\/li>\n<li>Geluidsisolerend veiligheidsglas<\/li>\n<li>Inclusief 2x 230V stopcontact in de vloer<\/li>\n<li>Keuze van deuropening links of rechts (tafel wordt altijd aan de kant van het deurscharnier gemonteerd)<\/li>\n<li>Deurframe optioneel geanodiseerd in zwart, wit of grijs<\/li>\n<li>Je kunt kiezen uit drie verschillende standaardkleuren voor de buitenkant: Wit, zwart of zilvergrijs<\/li>\n<li>Interieurontwerp:\n<ul>\n<li>Tapijt naar keuze in lichtgrijs, donkergrijs of zwart<\/li>\n<li>Binnenwanden naar keuze in lichtgrijs vilt, donkergrijs vilt, zwart vilt of zandkleurig vilt<\/li>\n<\/ul>\n<\/li>\n<\/ul>\n<p><strong>Aanpassingsopties (sommige tegen extra kosten):<\/strong><\/p>\n<ul>\n<li>Extra kleuropties voor binnen en buiten in verschillende materialen (inclusief met stof beklede zijpanelen of afwerking met echt houtfineer) - zie onderstaande afbeelding.<\/li>\n<li>Zelfsluitende deurscharnieren<\/li>\n<li>LAN-aansluiting of USB(A+C) oplaadaansluitingen in de basis<\/li>\n<li>Bedieningspaneel met dimmer voor verlichting en ventilatie<\/li>\n<li>Inrichtingsopties (stofselectie analoog aan de selectie voor de zijwanden):\n<ul>\n<li>Leeg<\/li>\n<li>\u201eZonsverduistering\u201c: twee banken met hoge rugleuning + twee flexibele laptoptafels \u201eGaia\u201c<\/li>\n<li>\u201eMaansverduistering\u201c: twee zitbanken met lage rugleuning + vaste tafel<\/li>\n<\/ul>\n<\/li>\n<li>Optionele monitorhouder op de glazen achterwand<\/li>\n<li>Voorbereiding sproeier<\/li>\n<li>Permanente folie op het glas (binnenkant voorpaneel en\/of binnenkant achterpaneel)<\/li>\n<li>Intelligente glasversie die met \u00e9\u00e9n druk op de knop verandert in mat glas.<\/li>\n<\/ul>\n<figure id=\"attachment_3471\" aria-describedby=\"caption-attachment-3471\" style=\"width: 338px\" class=\"wp-caption alignnone\"><a href=\"https:\/\/99cubes.de\/wp-content\/uploads\/2025\/01\/Silen-Space-Farbauswahl-aussen-und-innen.jpg\"><img loading=\"lazy\" decoding=\"async\" class=\"wp-image-3471 size-medium\" src=\"https:\/\/99cubes.de\/wp-content\/uploads\/2025\/01\/Silen-Space-Farbauswahl-aussen-und-innen-338x450.jpg\" alt=\"\" width=\"338\" height=\"450\" srcset=\"https:\/\/99cubes.de\/wp-content\/uploads\/2025\/01\/Silen-Space-Farbauswahl-aussen-und-innen-338x450.jpg 338w, https:\/\/99cubes.de\/wp-content\/uploads\/2025\/01\/Silen-Space-Farbauswahl-aussen-und-innen-900x1200.jpg 900w, https:\/\/99cubes.de\/wp-content\/uploads\/2025\/01\/Silen-Space-Farbauswahl-aussen-und-innen-768x1024.jpg 768w, https:\/\/99cubes.de\/wp-content\/uploads\/2025\/01\/Silen-Space-Farbauswahl-aussen-und-innen-1152x1536.jpg 1152w, https:\/\/99cubes.de\/wp-content\/uploads\/2025\/01\/Silen-Space-Farbauswahl-aussen-und-innen-9x12.jpg 9w, https:\/\/99cubes.de\/wp-content\/uploads\/2025\/01\/Silen-Space-Farbauswahl-aussen-und-innen-1140x1520.jpg 1140w, https:\/\/99cubes.de\/wp-content\/uploads\/2025\/01\/Silen-Space-Farbauswahl-aussen-und-innen-920x1227.jpg 920w, https:\/\/99cubes.de\/wp-content\/uploads\/2025\/01\/Silen-Space-Farbauswahl-aussen-und-innen-575x767.jpg 575w, https:\/\/99cubes.de\/wp-content\/uploads\/2025\/01\/Silen-Space-Farbauswahl-aussen-und-innen-380x507.jpg 380w, https:\/\/99cubes.de\/wp-content\/uploads\/2025\/01\/Silen-Space-Farbauswahl-aussen-und-innen-800x1067.jpg 800w, https:\/\/99cubes.de\/wp-content\/uploads\/2025\/01\/Silen-Space-Farbauswahl-aussen-und-innen.jpg 1164w\" sizes=\"auto, (max-width: 338px) 100vw, 338px\" \/><\/a><figcaption id=\"caption-attachment-3471\" class=\"wp-caption-text\">Kleur- en materiaalopties voor de Silen-Space serie<\/figcaption><\/figure>\n<\/div><\/div>\n<div class=\"su-spoiler su-spoiler-style-default su-spoiler-icon-plus su-spoiler-closed\" data-scroll-offset=\"0\" data-anchor-in-url=\"no\"><div class=\"su-spoiler-title\" tabindex=\"0\" role=\"button\"><span class=\"su-spoiler-icon\"><\/span><strong>Afmetingen en gewicht:<\/strong><\/div><div class=\"su-spoiler-content su-u-clearfix su-u-trim\">\n<ul>\n<li>Breedte (buiten\/binnen): 2400 mm \/ 2200 mm<\/li>\n<li>Diepte (buiten\/binnen): 1220 mm \/ 1160 mm<\/li>\n<li>Hoogte (buiten\/binnen): 2290 mm \/ 2050 mm<\/li>\n<li>Gewicht: 670 kg<\/li>\n<\/ul>\n<\/div><\/div>\n<div class=\"su-spoiler su-spoiler-style-default su-spoiler-icon-plus su-spoiler-closed\" data-scroll-offset=\"0\" data-anchor-in-url=\"no\"><div class=\"su-spoiler-title\" tabindex=\"0\" role=\"button\"><span class=\"su-spoiler-icon\"><\/span><strong>Akoestische gegevens en ventilatie:<\/strong><\/div><div class=\"su-spoiler-content su-u-clearfix su-u-trim\">\n<p><strong>Geluidsisolatie:<\/strong> 30,4 dB (komt overeen met klasse a volgens ISO 23351-1)<\/p>\n<p><strong>Luchtuitwisseling:\u00a0<\/strong>306 m\u00b3\/h (luchtstroom systeem)<\/p>\n<p><strong>Speciale functies:<\/strong> Gecertificeerde binnenluchtkwaliteit: getest op VOC-emissies, d.w.z. dampen van vluchtige organische stoffen.<\/p>\n<\/div><\/div>\n<\/div>","protected":false},"excerpt":{"rendered":"<p>De vergaderbox \u201eSilen Space 2\u201c voldoet aan de hoogste normen op het gebied van geluidsisolatie, luchtuitwisseling en aanpassingsmogelijkheden. Als premium vergaderbox met gecertificeerde geluidsisolatieklasse A (ISO 23351-1) behoort de Silen Space 2 aantoonbaar tot de top. Dit wordt bereikt door extra dikke wanden, hoogwaardige geluidsisolerende beglazing en het gebruik van ecologisch schuim en akoestisch vilt. Met een vloeroppervlak van 2,40 x 1,22 meter is de \u201eSilen Space 2\u201c ook aanzienlijk ruimer dan normale 2-zits vergaderboxen en biedt plaats aan maximaal 4 personen voor een korte vergadering (1,16 meter diep in de binnenmaten). Als dit te krap voor je is, kun je kiezen voor de Plus-versie, die ongeveer 50% dieper is:\u00a0<a href=\"https:\/\/99cubes.de\/nl\/producten\/silen-space-2-plus-vergaderbox-silen\/\">Silen Space 2 Plus vergaderbox | Silen<\/a>.<\/p>\n<p>Net als alle akoestische kubussen in de Silen-Space serie zijn er uitgebreide opties voor kleurontwerp, inclusief panelen van echt houtfineer.<\/p>\n<p><strong>Opmerking:<\/strong> Deze vergaderbox behoort tot de zogenaamde 1e generatie van de Silen-Space productserie (<a href=\"https:\/\/99cubes.de\/nl\/akoestische-kubussen-silen-space\/\" target=\"_blank\" rel=\"noopener\">meer info<\/a>). In maart 2026 werd de tweede generatie van de Silen Space op de markt gebracht. <a href=\"https:\/\/99cubes.de\/nl\/de-silen-space-productfamilie-2-generatie\/\" target=\"_blank\" rel=\"noopener\">Alle informatie over de herziene Silen Space-productserie (2e generatie)<\/a>.<\/p>","protected":false},"featured_media":3444,"comment_status":"open","ping_status":"closed","template":"","meta":{"content-type":"","_uag_custom_page_level_css":""},"product_brand":[],"product_cat":[60],"product_tag":[],"class_list":{"0":"post-3443","1":"product","2":"type-product","3":"status-publish","4":"has-post-thumbnail","6":"product_cat-meetingboxen","7":"pa_anzahl-personen-2-personen","8":"pa_anzahl-personen-4-personen","9":"pa_belueftungssteuerung-individuell-steuerbar","10":"pa_belueftungssteuerung-vollautomatisch","11":"pa_breite-240-m","12":"pa_buchungstool-display-goconut-ready","13":"pa_einsatz-szenarien-buero","14":"pa_einsatz-szenarien-einzelhandel","15":"pa_einsatz-szenarien-flughafen-bahnhof","16":"pa_einsatz-szenarien-hotel","17":"pa_einsatz-szenarien-logistik","18":"pa_einsatz-szenarien-produktion","19":"pa_einsatz-szenarien-schule-universitaet","20":"pa_farbe-konfigurierbar","21":"pa_farbe-schwarz","22":"pa_farbe-weiss","23":"pa_flex-miete-verfuegbar-ja","24":"pa_gewicht-670-kg","25":"pa_hoehe-229-m","26":"pa_lan-kein-lan-anschluss","27":"pa_lan-lan-anschluss-als-sonderausstattung","28":"pa_lieferzeit-2-wochen-lieferzeit","29":"pa_luftaustausch-306-m-h-systemluftstrom","30":"pa_marke-silen","31":"pa_mobilitaet-mit-integrierten-bodenrollen","32":"pa_monitorhalterung-monitorhalterung-als-sonderausstattung","33":"pa_monitorhalterung-ohne-monitorhalterung","34":"pa_nachhaltigkeit-klimaneutral-hergestellt","35":"pa_preissegment-vier","36":"pa_schalldaemmung-vier-sterne","37":"pa_sitzen-oder-stehen-im-sitzen-niedrig-mit-stuhl-oder-bank","38":"pa_spezial-features-aussenwandfarbe-nachtraeglich-austauschbar","39":"pa_spezial-features-gs-tuev-zertifiziert","40":"pa_spezial-features-modular-verkettbar-aufteilbar","41":"pa_spezial-features-zertifizierte-innenraum-luftqualitaet","42":"pa_tiefe-122-m","43":"pa_verfuegbare-tisch-optionen-fixe-tischhoehe-sitzen","44":"pa_verwendung-meeting","45":"pa_verwendung-telefonieren","46":"pa_verwendung-video-call","48":"first","49":"instock","50":"taxable","51":"shipping-taxable","52":"purchasable","53":"product-type-simple"},"uagb_featured_image_src":{"full":["https:\/\/99cubes.de\/wp-content\/uploads\/2025\/01\/Premium-Meetingbox-Silen-Space-2-99cubes-3.jpg",1800,1200,false],"thumbnail":["https:\/\/99cubes.de\/wp-content\/uploads\/2025\/01\/Premium-Meetingbox-Silen-Space-2-99cubes-3-200x200.jpg",200,200,true],"medium":["https:\/\/99cubes.de\/wp-content\/uploads\/2025\/01\/Premium-Meetingbox-Silen-Space-2-99cubes-3-450x300.jpg",450,300,true],"medium_large":["https:\/\/99cubes.de\/wp-content\/uploads\/2025\/01\/Premium-Meetingbox-Silen-Space-2-99cubes-3-768x512.jpg",768,512,true],"large":["https:\/\/99cubes.de\/wp-content\/uploads\/2025\/01\/Premium-Meetingbox-Silen-Space-2-99cubes-3-1200x800.jpg",1140,760,true],"1536x1536":["https:\/\/99cubes.de\/wp-content\/uploads\/2025\/01\/Premium-Meetingbox-Silen-Space-2-99cubes-3-1536x1024.jpg",1536,1024,true],"2048x2048":["https:\/\/99cubes.de\/wp-content\/uploads\/2025\/01\/Premium-Meetingbox-Silen-Space-2-99cubes-3-2048x1366.jpg",1799,1200,true],"trp-custom-language-flag":["https:\/\/99cubes.de\/wp-content\/uploads\/2025\/01\/Premium-Meetingbox-Silen-Space-2-99cubes-3-18x12.jpg",18,12,true],"botiga-extra-large":["https:\/\/99cubes.de\/wp-content\/uploads\/2025\/01\/Premium-Meetingbox-Silen-Space-2-99cubes-3-1140x760.jpg",1140,760,true],"botiga-large":["https:\/\/99cubes.de\/wp-content\/uploads\/2025\/01\/Premium-Meetingbox-Silen-Space-2-99cubes-3-920x613.jpg",920,613,true],"botiga-big":["https:\/\/99cubes.de\/wp-content\/uploads\/2025\/01\/Premium-Meetingbox-Silen-Space-2-99cubes-3-575x383.jpg",575,383,true],"botiga-medium":["https:\/\/99cubes.de\/wp-content\/uploads\/2025\/01\/Premium-Meetingbox-Silen-Space-2-99cubes-3-380x253.jpg",380,253,true],"botiga-header-icons":["https:\/\/99cubes.de\/wp-content\/uploads\/2025\/01\/Premium-Meetingbox-Silen-Space-2-99cubes-3-50x50.jpg",50,50,true],"botiga-product-swatch-image":["https:\/\/99cubes.de\/wp-content\/uploads\/2025\/01\/Premium-Meetingbox-Silen-Space-2-99cubes-3-26x26.jpg",26,26,true],"woocommerce_thumbnail":["https:\/\/99cubes.de\/wp-content\/uploads\/2025\/01\/Premium-Meetingbox-Silen-Space-2-99cubes-3-420x420.jpg",420,420,true],"woocommerce_single":["https:\/\/99cubes.de\/wp-content\/uploads\/2025\/01\/Premium-Meetingbox-Silen-Space-2-99cubes-3-800x533.jpg",800,533,true],"woocommerce_gallery_thumbnail":["https:\/\/99cubes.de\/wp-content\/uploads\/2025\/01\/Premium-Meetingbox-Silen-Space-2-99cubes-3-100x100.jpg",100,100,true],"wpvr_mobile":["https:\/\/99cubes.de\/wp-content\/uploads\/2025\/01\/Premium-Meetingbox-Silen-Space-2-99cubes-3.jpg",1800,1200,false]},"uagb_author_info":{"display_name":"frank","author_link":"https:\/\/99cubes.de\/nl\/author\/"},"uagb_comment_info":0,"uagb_excerpt":"Die Meetingbox \"Silen Space 2\" gen\u00fcgt h\u00f6chsten Anspr\u00fcchen, was Schalld\u00e4mmung, Luftaustausch und Individualisierungsm\u00f6glichkeiten angeht. Als Premium-Meetingbox mit der zertifizierten Schallschutzklasse A (ISO 23351-1) geh\u00f6rt die Silen Space 2 nachweislich zur Oberliga. Dies wird durch extra-dicke W\u00e4nde, hochwertige Schallschutz-Verglasung und die Verwendung von \u00f6kologischem Schaumstoff und Akustikfilz erreicht. Mit 2,40 x 1,22 Metern Grundfl\u00e4che ist die&hellip;","_links":{"self":[{"href":"https:\/\/99cubes.de\/nl\/wp-json\/wp\/v2\/product\/3443","targetHints":{"allow":["GET"]}}],"collection":[{"href":"https:\/\/99cubes.de\/nl\/wp-json\/wp\/v2\/product"}],"about":[{"href":"https:\/\/99cubes.de\/nl\/wp-json\/wp\/v2\/types\/product"}],"replies":[{"embeddable":true,"href":"https:\/\/99cubes.de\/nl\/wp-json\/wp\/v2\/comments?post=3443"}],"wp:featuredmedia":[{"embeddable":true,"href":"https:\/\/99cubes.de\/nl\/wp-json\/wp\/v2\/media\/3444"}],"wp:attachment":[{"href":"https:\/\/99cubes.de\/nl\/wp-json\/wp\/v2\/media?parent=3443"}],"wp:term":[{"taxonomy":"product_brand","embeddable":true,"href":"https:\/\/99cubes.de\/nl\/wp-json\/wp\/v2\/product_brand?post=3443"},{"taxonomy":"product_cat","embeddable":true,"href":"https:\/\/99cubes.de\/nl\/wp-json\/wp\/v2\/product_cat?post=3443"},{"taxonomy":"product_tag","embeddable":true,"href":"https:\/\/99cubes.de\/nl\/wp-json\/wp\/v2\/product_tag?post=3443"}],"curies":[{"name":"wp","href":"https:\/\/api.w.org\/{rel}","templated":true}]}}