{"id":3527,"date":"2025-01-26T15:46:48","date_gmt":"2025-01-26T14:46:48","guid":{"rendered":"https:\/\/99cubes.de\/?post_type=product&#038;p=3527"},"modified":"2026-03-27T15:07:48","modified_gmt":"2026-03-27T14:07:48","slug":"silen-space-1-5-werkbak-silen","status":"publish","type":"product","link":"https:\/\/99cubes.de\/nl\/produkt\/silen-space-1-5-arbeitsbox-silen\/","title":{"rendered":"Silen Space 1.5 werkbox | Silen"},"content":{"rendered":"<div class=\"su-accordion su-u-trim\">\n<div class=\"su-spoiler su-spoiler-style-default su-spoiler-icon-plus\" data-scroll-offset=\"0\" data-anchor-in-url=\"no\"><div class=\"su-spoiler-title\" tabindex=\"0\" role=\"button\"><span class=\"su-spoiler-icon\"><\/span><strong>Over de Silen Space akoestische kubussen<\/strong><\/div><div class=\"su-spoiler-content su-u-clearfix su-u-trim\">\n<p class=\"cvGsUA direction-ltr align-justify para-style-body\"><span class=\"OYPEnA font-feature-liga-off font-feature-clig-off font-feature-calt-off text-decoration-none text-strikethrough-none\">De Silen Space serie zet een nieuwe standaard op het gebied van hoogwaardige akoestische kubussen. Als vlaggenschip van de Estse fabrikant Silen, een van \u201es werelds toonaangevende vernieuwers op het gebied van akoestische oplossingen, inspireert de productlijn klanten in meer dan 60 landen. De Silen Space Cubes maken indruk met hun uitstekende geluidsisolatie en binnenluchtkwaliteit, die is bekroond met het \u201cGold Level\".<\/span><\/p>\n<p class=\"cvGsUA direction-ltr align-justify para-style-body\"><span class=\"OYPEnA font-feature-liga-off font-feature-clig-off font-feature-calt-off text-decoration-none text-strikethrough-none\">De diverse designopties zijn bijzonder indrukwekkend: Van elegant fineerhout tot intelligent glas dat met \u00e9\u00e9n druk op de knop donkerder kan worden gemaakt, elk detail benadrukt het exclusieve karakter van deze serie. Duurzaamheid staat centraal bij Silen: de akoestische kubussen van Space zijn ontworpen om lang mee te gaan. Hoogwaardige materialen en een doordacht, modulair ontwerp maken eenvoudige reparaties mogelijk en garanderen een lange levensduur.<\/span><\/p>\n<\/div><\/div>\n<div class=\"su-spoiler su-spoiler-style-default su-spoiler-icon-plus\" data-scroll-offset=\"0\" data-anchor-in-url=\"no\"><div class=\"su-spoiler-title\" tabindex=\"0\" role=\"button\"><span class=\"su-spoiler-icon\"><\/span><strong>Productconfigurator:<\/strong><\/div><div class=\"su-spoiler-content su-u-clearfix su-u-trim\">\n<p>Je vindt alle opties en ontwerpmogelijkheden in onze interactieve productconfigurator:<\/p>\n<div class=\"wp-block-button\"><a class=\"wp-block-button__link wp-element-button\" href=\"https:\/\/configurator.silen.com\/?site=6364&amp;code=113918\" target=\"_blank\" rel=\"noopener\">Naar de productconfigurator<\/a><\/div>\n<\/div><\/div>\n<div class=\"su-spoiler su-spoiler-style-default su-spoiler-icon-plus su-spoiler-closed\" data-scroll-offset=\"0\" data-anchor-in-url=\"no\"><div class=\"su-spoiler-title\" tabindex=\"0\" role=\"button\"><span class=\"su-spoiler-icon\"><\/span><strong>Uitrustingsopties:<\/strong><\/div><div class=\"su-spoiler-content su-u-clearfix su-u-trim\">\n<p><strong>Belangrijkste kenmerken:<\/strong><\/p>\n<ul>\n<li>Ontworpen voor geconcentreerd werken op kantoor<\/li>\n<li>Voor 1 persoon<\/li>\n<li>Met automatische LED-verlichting (4.000 K)<\/li>\n<li>Automatisch ventilatiesysteem met aanwezigheidssensor met laag energieverbruik<\/li>\n<li>Verrijdbaar dankzij in de voet verborgen wielen<\/li>\n<li>Aanpasbaar in kleuren en functies<\/li>\n<li>Duurzaam met een levensduur van meer dan 20 jaar<\/li>\n<li>Geluidsisolerend veiligheidsglas<\/li>\n<li>Inclusief 1x 230V stopcontact + USB\/A\/C oplaadcontact in de muur<\/li>\n<li>Rechtsdraaiende deur<\/li>\n<li>Deurframe optioneel geanodiseerd in zwart, wit of grijs<\/li>\n<li>Je kunt kiezen uit drie verschillende standaardkleuren voor de buitenkant: Wit, zwart of zilvergrijs<\/li>\n<li>Interieurontwerp:\n<ul>\n<li>Tapijt naar keuze in lichtgrijs, donkergrijs of zwart<\/li>\n<li>Binnenwanden naar keuze in lichtgrijs vilt, donkergrijs vilt, zwart vilt of zandkleurig vilt<\/li>\n<\/ul>\n<\/li>\n<\/ul>\n<p><strong>Aanpassingsopties (sommige tegen extra kosten):<\/strong><\/p>\n<ul>\n<li>Extra kleuropties voor binnen en buiten in verschillende materialen (inclusief met stof beklede zijpanelen of afwerking met echt houtfineer) - zie onderstaande afbeelding.<\/li>\n<li>Zelfsluitende deurscharnieren<\/li>\n<li>Extra LAN-aansluiting in de muur<\/li>\n<li>Bedieningspaneel met dimmer voor verlichting en ventilatie<\/li>\n<li>Extra LED-verlichting in de muur (\u201egezichtslampen\u201c op hoofdhoogte) voor perfect verlichte videogesprekken<\/li>\n<li>Inrichtingsopties:\n<ul>\n<li>Leeg<\/li>\n<li>\u201eApollo\u201c: elektrisch in hoogte verstelbare tafel in 72 x 50 cm, hoogte 70-115 cm<\/li>\n<li>\u201eSirius\u201c: tafel met vaste hoogte in 90 x 55 cm, hoogte 74 cm + sofa met lage rugleuning en armleuning: 90 x 62 x H78 cm, zithoogte 49 cm (stofkeuze analoog aan de keuze voor de zijpanelen)<\/li>\n<\/ul>\n<\/li>\n<li>Voorbereiding sproeier<\/li>\n<li>Permanente folie op het glas (binnenkant voorpaneel en\/of binnenkant achterpaneel)<\/li>\n<li>Intelligente glasversie die met \u00e9\u00e9n druk op de knop verandert in mat glas.<\/li>\n<\/ul>\n<figure id=\"attachment_3471\" aria-describedby=\"caption-attachment-3471\" style=\"width: 338px\" class=\"wp-caption alignnone\"><a href=\"https:\/\/99cubes.de\/wp-content\/uploads\/2025\/01\/Silen-Space-Farbauswahl-aussen-und-innen.jpg\"><img loading=\"lazy\" decoding=\"async\" class=\"wp-image-3471 size-medium\" src=\"https:\/\/99cubes.de\/wp-content\/uploads\/2025\/01\/Silen-Space-Farbauswahl-aussen-und-innen-338x450.jpg\" alt=\"\" width=\"338\" height=\"450\" srcset=\"https:\/\/99cubes.de\/wp-content\/uploads\/2025\/01\/Silen-Space-Farbauswahl-aussen-und-innen-338x450.jpg 338w, https:\/\/99cubes.de\/wp-content\/uploads\/2025\/01\/Silen-Space-Farbauswahl-aussen-und-innen-900x1200.jpg 900w, https:\/\/99cubes.de\/wp-content\/uploads\/2025\/01\/Silen-Space-Farbauswahl-aussen-und-innen-768x1024.jpg 768w, https:\/\/99cubes.de\/wp-content\/uploads\/2025\/01\/Silen-Space-Farbauswahl-aussen-und-innen-1152x1536.jpg 1152w, https:\/\/99cubes.de\/wp-content\/uploads\/2025\/01\/Silen-Space-Farbauswahl-aussen-und-innen-9x12.jpg 9w, https:\/\/99cubes.de\/wp-content\/uploads\/2025\/01\/Silen-Space-Farbauswahl-aussen-und-innen-1140x1520.jpg 1140w, https:\/\/99cubes.de\/wp-content\/uploads\/2025\/01\/Silen-Space-Farbauswahl-aussen-und-innen-920x1227.jpg 920w, https:\/\/99cubes.de\/wp-content\/uploads\/2025\/01\/Silen-Space-Farbauswahl-aussen-und-innen-575x767.jpg 575w, https:\/\/99cubes.de\/wp-content\/uploads\/2025\/01\/Silen-Space-Farbauswahl-aussen-und-innen-380x507.jpg 380w, https:\/\/99cubes.de\/wp-content\/uploads\/2025\/01\/Silen-Space-Farbauswahl-aussen-und-innen-800x1067.jpg 800w, https:\/\/99cubes.de\/wp-content\/uploads\/2025\/01\/Silen-Space-Farbauswahl-aussen-und-innen.jpg 1164w\" sizes=\"auto, (max-width: 338px) 100vw, 338px\" \/><\/a><figcaption id=\"caption-attachment-3471\" class=\"wp-caption-text\">Kleur- en materiaalopties voor de Silen-Space serie<\/figcaption><\/figure>\n<\/div><\/div>\n<div class=\"su-spoiler su-spoiler-style-default su-spoiler-icon-plus su-spoiler-closed\" data-scroll-offset=\"0\" data-anchor-in-url=\"no\"><div class=\"su-spoiler-title\" tabindex=\"0\" role=\"button\"><span class=\"su-spoiler-icon\"><\/span><strong>Afmetingen en gewicht:<\/strong><\/div><div class=\"su-spoiler-content su-u-clearfix su-u-trim\">\n<ul>\n<li>Breedte (buiten\/binnen): 1450 mm \/ 1250 mm<\/li>\n<li>Diepte (buiten\/binnen): 1100 mm \/ 1010 mm<\/li>\n<li>Hoogte (buiten\/binnen): 2290 mm \/ 2050 mm<\/li>\n<li>Gewicht: 428 kg<\/li>\n<\/ul>\n<\/div><\/div>\n<div class=\"su-spoiler su-spoiler-style-default su-spoiler-icon-plus su-spoiler-closed\" data-scroll-offset=\"0\" data-anchor-in-url=\"no\"><div class=\"su-spoiler-title\" tabindex=\"0\" role=\"button\"><span class=\"su-spoiler-icon\"><\/span><strong>Akoestische gegevens en ventilatie:<\/strong><\/div><div class=\"su-spoiler-content su-u-clearfix su-u-trim\">\n<p><strong>Geluidsisolatie:<\/strong> 30,1 dB (komt overeen met klasse a volgens ISO 23351-1)<\/p>\n<p><strong>Luchtuitwisseling:\u00a0<\/strong>180 m\u00b3\/h (luchtstroom systeem)<\/p>\n<p><strong>Speciale functies:<\/strong> Gecertificeerde binnenluchtkwaliteit: getest op VOC-emissies, d.w.z. dampen van vluchtige organische stoffen.<\/p>\n<\/div><\/div>\n<\/div>","protected":false},"excerpt":{"rendered":"<p>De \u201eSilen Space 1.5\u201c werkbox voldoet aan de hoogste eisen op het gebied van geluidsisolatie, luchtuitwisseling en aanpassingsmogelijkheden. Als premium werkbox met gecertificeerde geluidsisolatieklasse A (ISO 23351-1) behoort de Silen Space 1.5 aantoonbaar tot de top. Dit wordt bereikt door extra dikke wanden, hoogwaardige geluidsisolerende beglazing en het gebruik van ecologisch schuim en akoestisch vilt. Een bijzonder kenmerk van de \u201eSpace 1.5\u201c is de mogelijkheid om deze uit te rusten met een elektrisch in hoogte verstelbaar bureau, zodat je zowel zittend als staand in de box kunt werken.<\/p>\n<p>Net als alle akoestische kubussen in de Silen-Space serie zijn er uitgebreide opties voor kleurontwerp, inclusief panelen van echt houtfineer.<\/p>\n<p><strong>Opmerking:<\/strong> Deze werkbox behoort tot de zogenaamde 1e generatie van de Silen-Space productserie (<a href=\"https:\/\/99cubes.de\/nl\/akoestische-kubussen-silen-space\/\" target=\"_blank\" rel=\"noopener\">meer info<\/a>). In maart 2026 werd de tweede generatie van de Silen Space op de markt gebracht. <a href=\"https:\/\/99cubes.de\/nl\/de-silen-space-productfamilie-2-generatie\/\" target=\"_blank\" rel=\"noopener\">Alle informatie over de herziene Silen Space-productserie (2e generatie)<\/a>.<\/p>","protected":false},"featured_media":3528,"comment_status":"open","ping_status":"closed","template":"","meta":{"content-type":"","_uag_custom_page_level_css":""},"product_brand":[],"product_cat":[180],"product_tag":[],"class_list":{"0":"post-3527","1":"product","2":"type-product","3":"status-publish","4":"has-post-thumbnail","6":"product_cat-arbeitsbox","7":"pa_anzahl-personen-1-person","8":"pa_belueftungssteuerung-individuell-steuerbar","9":"pa_belueftungssteuerung-vollautomatisch","10":"pa_breite-145-m","11":"pa_buchungstool-display-goconut-ready","12":"pa_einsatz-szenarien-buero","13":"pa_einsatz-szenarien-einzelhandel","14":"pa_einsatz-szenarien-flughafen-bahnhof","15":"pa_einsatz-szenarien-hotel","16":"pa_einsatz-szenarien-logistik","17":"pa_einsatz-szenarien-produktion","18":"pa_einsatz-szenarien-schule-universitaet","19":"pa_farbe-konfigurierbar","20":"pa_farbe-schwarz","21":"pa_farbe-weiss","22":"pa_flex-miete-verfuegbar-ja","23":"pa_gewicht-428-kg","24":"pa_hoehe-229-m","25":"pa_lan-kein-lan-anschluss","26":"pa_lan-lan-anschluss-als-sonderausstattung","27":"pa_lieferzeit-4-bis-6-wochen-lieferzeit","28":"pa_luftaustausch-180-m-h-systemluftstrom","29":"pa_marke-silen","30":"pa_mobilitaet-mit-integrierten-bodenrollen","31":"pa_monitorhalterung-ohne-monitorhalterung","32":"pa_nachhaltigkeit-klimaneutral-hergestellt","33":"pa_preissegment-vier","34":"pa_schalldaemmung-vier-sterne","35":"pa_sitzen-oder-stehen-im-sitzen-niedrig-mit-stuhl-oder-bank","36":"pa_sitzen-oder-stehen-im-stehen","37":"pa_spezial-features-aussenwandfarbe-nachtraeglich-austauschbar","38":"pa_spezial-features-gs-tuev-zertifiziert","39":"pa_spezial-features-zertifizierte-innenraum-luftqualitaet","40":"pa_tiefe-110-m","41":"pa_verfuegbare-tisch-optionen-fixe-tischhoehe-sitzen","42":"pa_verfuegbare-tisch-optionen-variable-tischhoehe-elektrisch-verstellbar","43":"pa_verwendung-konzentriertes-arbeiten","44":"pa_verwendung-telefonieren","45":"pa_verwendung-video-call","47":"first","48":"instock","49":"taxable","50":"shipping-taxable","51":"purchasable","52":"product-type-simple"},"uagb_featured_image_src":{"full":["https:\/\/99cubes.de\/wp-content\/uploads\/2025\/01\/Arbeitsbox-Silen-Space-1.5-Premium-Telefonbox-5-quad.jpg",1200,1200,false],"thumbnail":["https:\/\/99cubes.de\/wp-content\/uploads\/2025\/01\/Arbeitsbox-Silen-Space-1.5-Premium-Telefonbox-5-quad-200x200.jpg",200,200,true],"medium":["https:\/\/99cubes.de\/wp-content\/uploads\/2025\/01\/Arbeitsbox-Silen-Space-1.5-Premium-Telefonbox-5-quad-450x450.jpg",450,450,true],"medium_large":["https:\/\/99cubes.de\/wp-content\/uploads\/2025\/01\/Arbeitsbox-Silen-Space-1.5-Premium-Telefonbox-5-quad-768x768.jpg",768,768,true],"large":["https:\/\/99cubes.de\/wp-content\/uploads\/2025\/01\/Arbeitsbox-Silen-Space-1.5-Premium-Telefonbox-5-quad-1200x1200.jpg",1140,1140,true],"1536x1536":["https:\/\/99cubes.de\/wp-content\/uploads\/2025\/01\/Arbeitsbox-Silen-Space-1.5-Premium-Telefonbox-5-quad-1536x1536.jpg",1200,1200,true],"2048x2048":["https:\/\/99cubes.de\/wp-content\/uploads\/2025\/01\/Arbeitsbox-Silen-Space-1.5-Premium-Telefonbox-5-quad-2048x2048.jpg",1200,1200,true],"trp-custom-language-flag":["https:\/\/99cubes.de\/wp-content\/uploads\/2025\/01\/Arbeitsbox-Silen-Space-1.5-Premium-Telefonbox-5-quad-12x12.jpg",12,12,true],"botiga-extra-large":["https:\/\/99cubes.de\/wp-content\/uploads\/2025\/01\/Arbeitsbox-Silen-Space-1.5-Premium-Telefonbox-5-quad-1140x1140.jpg",1140,1140,true],"botiga-large":["https:\/\/99cubes.de\/wp-content\/uploads\/2025\/01\/Arbeitsbox-Silen-Space-1.5-Premium-Telefonbox-5-quad-920x920.jpg",920,920,true],"botiga-big":["https:\/\/99cubes.de\/wp-content\/uploads\/2025\/01\/Arbeitsbox-Silen-Space-1.5-Premium-Telefonbox-5-quad-575x575.jpg",575,575,true],"botiga-medium":["https:\/\/99cubes.de\/wp-content\/uploads\/2025\/01\/Arbeitsbox-Silen-Space-1.5-Premium-Telefonbox-5-quad-380x380.jpg",380,380,true],"botiga-header-icons":["https:\/\/99cubes.de\/wp-content\/uploads\/2025\/01\/Arbeitsbox-Silen-Space-1.5-Premium-Telefonbox-5-quad-50x50.jpg",50,50,true],"botiga-product-swatch-image":["https:\/\/99cubes.de\/wp-content\/uploads\/2025\/01\/Arbeitsbox-Silen-Space-1.5-Premium-Telefonbox-5-quad-26x26.jpg",26,26,true],"woocommerce_thumbnail":["https:\/\/99cubes.de\/wp-content\/uploads\/2025\/01\/Arbeitsbox-Silen-Space-1.5-Premium-Telefonbox-5-quad-420x420.jpg",420,420,true],"woocommerce_single":["https:\/\/99cubes.de\/wp-content\/uploads\/2025\/01\/Arbeitsbox-Silen-Space-1.5-Premium-Telefonbox-5-quad-800x800.jpg",800,800,true],"woocommerce_gallery_thumbnail":["https:\/\/99cubes.de\/wp-content\/uploads\/2025\/01\/Arbeitsbox-Silen-Space-1.5-Premium-Telefonbox-5-quad-100x100.jpg",100,100,true],"wpvr_mobile":["https:\/\/99cubes.de\/wp-content\/uploads\/2025\/01\/Arbeitsbox-Silen-Space-1.5-Premium-Telefonbox-5-quad-2048x2048.jpg",2048,2048,true]},"uagb_author_info":{"display_name":"frank","author_link":"https:\/\/99cubes.de\/nl\/author\/"},"uagb_comment_info":0,"uagb_excerpt":"Die Arbeitsbox \"Silen Space 1.5\" gen\u00fcgt h\u00f6chsten Anspr\u00fcchen, was Schalld\u00e4mmung, Luftaustausch und Individualisierungsm\u00f6glichkeiten angeht. Als Premium-Arbeitsbox mit der zertifizierten Schallschutzklasse A (ISO 23351-1) geh\u00f6rt die Silen Space 1.5 nachweislich zur Oberliga. Dies wird durch extra-dicke W\u00e4nde, hochwertige Schallschutz-Verglasung und die Verwendung von \u00f6kologischem Schaumstoff und Akustikfilz erreicht. Eine Besonderheit der \"Space 1.5\" ist die Option,&hellip;","_links":{"self":[{"href":"https:\/\/99cubes.de\/nl\/wp-json\/wp\/v2\/product\/3527","targetHints":{"allow":["GET"]}}],"collection":[{"href":"https:\/\/99cubes.de\/nl\/wp-json\/wp\/v2\/product"}],"about":[{"href":"https:\/\/99cubes.de\/nl\/wp-json\/wp\/v2\/types\/product"}],"replies":[{"embeddable":true,"href":"https:\/\/99cubes.de\/nl\/wp-json\/wp\/v2\/comments?post=3527"}],"wp:featuredmedia":[{"embeddable":true,"href":"https:\/\/99cubes.de\/nl\/wp-json\/wp\/v2\/media\/3528"}],"wp:attachment":[{"href":"https:\/\/99cubes.de\/nl\/wp-json\/wp\/v2\/media?parent=3527"}],"wp:term":[{"taxonomy":"product_brand","embeddable":true,"href":"https:\/\/99cubes.de\/nl\/wp-json\/wp\/v2\/product_brand?post=3527"},{"taxonomy":"product_cat","embeddable":true,"href":"https:\/\/99cubes.de\/nl\/wp-json\/wp\/v2\/product_cat?post=3527"},{"taxonomy":"product_tag","embeddable":true,"href":"https:\/\/99cubes.de\/nl\/wp-json\/wp\/v2\/product_tag?post=3527"}],"curies":[{"name":"wp","href":"https:\/\/api.w.org\/{rel}","templated":true}]}}